{"id":515,"date":"2019-05-06T11:10:06","date_gmt":"2019-05-06T11:10:06","guid":{"rendered":"https:\/\/www.calarderiu.com\/?page_id=515"},"modified":"2019-06-06T16:34:36","modified_gmt":"2019-06-06T16:34:36","slug":"environs-et-activites","status":"publish","type":"page","link":"https:\/\/www.calarderiu.com\/fr\/environs-et-activites\/","title":{"rendered":"Environs et activit\u00e9s"},"content":{"rendered":"<div id='full_slider_1'  class='avia-fullwidth-slider main_color avia-shadow   avia-builder-el-0  el_before_av_heading  avia-builder-el-first   container_wrap fullsize'  ><div  class='avia-slideshow av-ju9lce8e-3914cb0fe03b4be9ff79646ecec8b4e9 avia-slideshow-featured av_slideshow_full avia-slide-slider av-slideshow-ui av-control-default av-slideshow-autoplay av-loop-endless av-loop-manual-endless av-default-height-applied   avia-slideshow-1' data-slideshow-options=\"{&quot;animation&quot;:&quot;slide&quot;,&quot;autoplay&quot;:true,&quot;loop_autoplay&quot;:&quot;endless&quot;,&quot;interval&quot;:4,&quot;loop_manual&quot;:&quot;manual-endless&quot;,&quot;autoplay_stopper&quot;:false,&quot;noNavigation&quot;:false,&quot;bg_slider&quot;:false,&quot;keep_padding&quot;:false,&quot;hoverpause&quot;:false,&quot;show_slide_delay&quot;:0}\"  itemprop=\"image\" itemscope=\"itemscope\" itemtype=\"https:\/\/schema.org\/ImageObject\" ><ul class='avia-slideshow-inner ' style='padding-bottom: 28.666666666667%;'><li  class='avia-slideshow-slide av-ju9lce8e-3914cb0fe03b4be9ff79646ecec8b4e9__0  slide-1 slide-odd'><div data-rel='slideshow-1' class='avia-slide-wrap '  title='Sant Juli\u00e0 de Cerdanyola' ><img decoding=\"async\" fetchpriority=\"high\" class=\"wp-image-346 avia-img-lazy-loading-not-346\"  src=\"https:\/\/www.calarderiu.com\/wp-content\/uploads\/2019\/04\/cal-arderiu-turisme-rural-14.jpg\" width=\"1500\" height=\"430\" title='Sant Juli\u00e0 de Cerdanyola' alt='Sant Juli\u00e0 de Cerdanyola'  itemprop=\"thumbnailUrl\" srcset=\"https:\/\/www.calarderiu.com\/wp-content\/uploads\/2019\/04\/cal-arderiu-turisme-rural-14.jpg 1500w, https:\/\/www.calarderiu.com\/wp-content\/uploads\/2019\/04\/cal-arderiu-turisme-rural-14-300x86.jpg 300w, https:\/\/www.calarderiu.com\/wp-content\/uploads\/2019\/04\/cal-arderiu-turisme-rural-14-768x220.jpg 768w, https:\/\/www.calarderiu.com\/wp-content\/uploads\/2019\/04\/cal-arderiu-turisme-rural-14-1030x295.jpg 1030w, https:\/\/www.calarderiu.com\/wp-content\/uploads\/2019\/04\/cal-arderiu-turisme-rural-14-705x202.jpg 705w, https:\/\/www.calarderiu.com\/wp-content\/uploads\/2019\/04\/cal-arderiu-turisme-rural-14-450x129.jpg 450w\" sizes=\"(max-width: 1500px) 100vw, 1500px\" \/><\/div><\/li><li  class='avia-slideshow-slide av-ju9lce8e-3914cb0fe03b4be9ff79646ecec8b4e9__1  slide-2 slide-even'><div data-rel='slideshow-1' class='avia-slide-wrap '  title='Escalada' ><img decoding=\"async\" fetchpriority=\"high\" class=\"wp-image-137 avia-img-lazy-loading-not-137\"  src=\"https:\/\/www.calarderiu.com\/wp-content\/uploads\/2019\/04\/DSC02563-1500x430.jpg\" width=\"1500\" height=\"430\" title='Escalada' alt='Escalada'  itemprop=\"thumbnailUrl\"   \/><\/div><\/li><li  class='avia-slideshow-slide av-ju9lce8e-3914cb0fe03b4be9ff79646ecec8b4e9__2  slide-3 slide-odd'><div data-rel='slideshow-1' class='avia-slide-wrap '  title='Vistes d&#039;Ensija, el Pedraforca i el Cad\u00ed' ><img decoding=\"async\" fetchpriority=\"high\" class=\"wp-image-139 avia-img-lazy-loading-not-139\"  src=\"https:\/\/www.calarderiu.com\/wp-content\/uploads\/2019\/04\/Fulleracs-1500x430.jpg\" width=\"1500\" height=\"430\" title='Vistes d&#039;Ensija, el Pedraforca i el Cad\u00ed' alt='Vistes d&#039;Ensija, el Pedraforca i el Cad\u00ed'  itemprop=\"thumbnailUrl\"   \/><\/div><\/li><li  class='avia-slideshow-slide av-ju9lce8e-3914cb0fe03b4be9ff79646ecec8b4e9__3  slide-4 slide-even'><div data-rel='slideshow-1' class='avia-slide-wrap '  title='Cavalls del Pla de l&#039;Orri' ><img decoding=\"async\" fetchpriority=\"high\" class=\"wp-image-130 avia-img-lazy-loading-not-130\"  src=\"https:\/\/www.calarderiu.com\/wp-content\/uploads\/2019\/04\/20170701_124235-1500x430.jpg\" width=\"1500\" height=\"430\" title='Cavalls del Pla de l&#039;Orri' alt='Cavalls del Pla de l&#039;Orri'  itemprop=\"thumbnailUrl\"   \/><\/div><\/li><li  class='avia-slideshow-slide av-ju9lce8e-3914cb0fe03b4be9ff79646ecec8b4e9__4  slide-5 slide-odd'><div data-rel='slideshow-1' class='avia-slide-wrap '  title='Serra d&#039;Ensija hivernal' ><img decoding=\"async\" fetchpriority=\"high\" class=\"wp-image-107 avia-img-lazy-loading-not-107\"  src=\"https:\/\/www.calarderiu.com\/wp-content\/uploads\/2019\/04\/SAM_0563-1500x430.jpg\" width=\"1500\" height=\"430\" title='Serra d&#039;Ensija hivernal' alt='Serra d&#039;Ensija hivernal'  itemprop=\"thumbnailUrl\"   \/><\/div><\/li><li  class='avia-slideshow-slide av-ju9lce8e-3914cb0fe03b4be9ff79646ecec8b4e9__5  slide-6 slide-even'><div data-rel='slideshow-1' class='avia-slide-wrap '   ><img decoding=\"async\" fetchpriority=\"high\" class=\"wp-image-103 avia-img-lazy-loading-not-103\"  src=\"https:\/\/www.calarderiu.com\/wp-content\/uploads\/2019\/04\/P1060295-1500x430.jpg\" width=\"1500\" height=\"430\" title='Festa popular de la Fia Faia' alt='Festa popular de la Fia Faia'  itemprop=\"thumbnailUrl\"   \/><\/div><\/li><\/ul><div class='avia-slideshow-arrows avia-slideshow-controls' ><a href='#prev' class='prev-slide  avia-svg-icon avia-font-svg_entypo-fontello' data-av_svg_icon='left-open-big' data-av_iconset='svg_entypo-fontello' tabindex='-1' title=\"Pr\u00e9c\u00e9dent\"><svg version=\"1.1\" xmlns=\"http:\/\/www.w3.org\/2000\/svg\" width=\"15\" height=\"32\" viewBox=\"0 0 15 32\" preserveAspectRatio=\"xMidYMid meet\" aria-labelledby='av-svg-title-1' aria-describedby='av-svg-desc-1' role=\"graphics-symbol\" aria-hidden=\"true\">\n<title id='av-svg-title-1'>Pr\u00e9c\u00e9dent<\/title>\n<desc id='av-svg-desc-1'>Pr\u00e9c\u00e9dent<\/desc>\n<path d=\"M14.464 27.84q0.832 0.832 0 1.536-0.832 0.832-1.536 0l-12.544-12.608q-0.768-0.768 0-1.6l12.544-12.608q0.704-0.832 1.536 0 0.832 0.704 0 1.536l-11.456 11.904z\"><\/path>\n<\/svg><span class='avia_hidden_link_text'>Pr\u00e9c\u00e9dent<\/span><\/a><a href='#next' class='next-slide  avia-svg-icon avia-font-svg_entypo-fontello' data-av_svg_icon='right-open-big' data-av_iconset='svg_entypo-fontello' tabindex='-1' title=\"Suivant\"><svg version=\"1.1\" xmlns=\"http:\/\/www.w3.org\/2000\/svg\" width=\"15\" height=\"32\" viewBox=\"0 0 15 32\" preserveAspectRatio=\"xMidYMid meet\" aria-labelledby='av-svg-title-2' aria-describedby='av-svg-desc-2' role=\"graphics-symbol\" aria-hidden=\"true\">\n<title id='av-svg-title-2'>Suivant<\/title>\n<desc id='av-svg-desc-2'>Suivant<\/desc>\n<path d=\"M0.416 27.84l11.456-11.84-11.456-11.904q-0.832-0.832 0-1.536 0.832-0.832 1.536 0l12.544 12.608q0.768 0.832 0 1.6l-12.544 12.608q-0.704 0.832-1.536 0-0.832-0.704 0-1.536z\"><\/path>\n<\/svg><span class='avia_hidden_link_text'>Suivant<\/span><\/a><\/div><div class='avia-slideshow-dots avia-slideshow-controls'><a href='#1' class='goto-slide active' >1<\/a><a href='#2' class='goto-slide ' >2<\/a><a href='#3' class='goto-slide ' >3<\/a><a href='#4' class='goto-slide ' >4<\/a><a href='#5' class='goto-slide ' >5<\/a><a href='#6' class='goto-slide ' >6<\/a><\/div><\/div><\/div><div id='after_full_slider_1'  class='main_color av_default_container_wrap container_wrap fullsize'  ><div class='container av-section-cont-open' ><div class='template-page content  av-content-full alpha units'><div class='post-entry post-entry-type-page post-entry-515'><div class='entry-content-wrapper clearfix'>\n\n<style type=\"text\/css\" data-created_by=\"avia_inline_auto\" id=\"style-css-av-av_heading-54245da16fcbefeaa9d2f706cf6cddd6\">\n#top .av-special-heading.av-av_heading-54245da16fcbefeaa9d2f706cf6cddd6{\npadding-bottom:10px;\n}\nbody .av-special-heading.av-av_heading-54245da16fcbefeaa9d2f706cf6cddd6 .av-special-heading-tag .heading-char{\nfont-size:25px;\n}\n.av-special-heading.av-av_heading-54245da16fcbefeaa9d2f706cf6cddd6 .av-subheading{\nfont-size:15px;\n}\n<\/style>\n<div  class='av-special-heading av-av_heading-54245da16fcbefeaa9d2f706cf6cddd6 av-special-heading-h1 blockquote modern-quote  avia-builder-el-1  el_after_av_slideshow_full  el_before_av_one_half  avia-builder-el-first '><h1 class='av-special-heading-tag '  itemprop=\"headline\"  >ENVIRONS ET ACTIVIT\u00c9S:<\/h1><div class=\"special-heading-border\"><div class=\"special-heading-inner-border\"><\/div><\/div><\/div>\n\n<style type=\"text\/css\" data-created_by=\"avia_inline_auto\" id=\"style-css-av-1kra8-5542e53b54ee17424a281379c06ee993\">\n.flex_column.av-1kra8-5542e53b54ee17424a281379c06ee993{\nborder-radius:0px 0px 0px 0px;\npadding:0px 0px 0px 0px;\n}\n<\/style>\n<div  class='flex_column av-1kra8-5542e53b54ee17424a281379c06ee993 av_one_half  avia-builder-el-2  el_after_av_heading  el_before_av_one_half  first flex_column_div av-zero-column-padding  '     ><section  class='av_textblock_section av-jtzuk0cb-f09419ba6e495b26f6f9707a849c66a9 '   itemscope=\"itemscope\" itemtype=\"https:\/\/schema.org\/CreativeWork\" ><div class='avia_textblock'  itemprop=\"text\" ><blockquote>\n<p>La zone du\u00a0<strong>Catllar\u00e0s<\/strong>\u00a0et tout le Haut<strong> Bergued\u00e0 <\/strong>offrent la possibilit\u00e9\u00a0 de r\u00e9aliser de nombreuses activit\u00e9s: culturelles, historiques, gastronomiques mais aussi d\u2019aventure et sportives en pleine nature.<\/p>\n<\/blockquote>\n<p>Le g\u00eete est situ\u00e9 dans un environnement privil\u00e9gi\u00e9 o\u00f9 les visiteurs pourront d\u00e9couvrir facilement de nombreux recoins magnifiques. Vous pourrez aussi \u00eatre accompagn\u00e9s par les nombreuses entreprises touristiques qui vous feront d\u00e9couvrir le tourisme actif de notre r\u00e9gion.<\/p>\n<\/div><\/section><\/div>\n<style type=\"text\/css\" data-created_by=\"avia_inline_auto\" id=\"style-css-av-x5z8-6081bef1cd2228e754338097a67c269c\">\n.flex_column.av-x5z8-6081bef1cd2228e754338097a67c269c{\nborder-radius:0px 0px 0px 0px;\npadding:0px 0px 0px 0px;\n}\n<\/style>\n<div  class='flex_column av-x5z8-6081bef1cd2228e754338097a67c269c av_one_half  avia-builder-el-4  el_after_av_one_half  el_before_av_section  avia-builder-el-last  flex_column_div av-zero-column-padding  '     ><section  class='av_textblock_section av-jtzukb2e-00dd4f737b874009a7d5a9a0b4d60579 '   itemscope=\"itemscope\" itemtype=\"https:\/\/schema.org\/CreativeWork\" ><div class='avia_textblock'  itemprop=\"text\" ><p>Parmi ces nombreuses activit\u00e9s nous proposons des randonn\u00e9es parcourant de paysages diversifi\u00e9s et magnifiques, comme le <strong>Pedraforca<\/strong> et la <strong>cha\u00eene du Cad\u00ed Moixer\u00f3<\/strong>, mais aussi de nombreux itin\u00e9raires pour <strong>VTT<\/strong>, ou pour les <strong>4X4 et les ATV<\/strong>. Vous pourrez aussi partir \u00e0 la <strong>recherche de champignons<\/strong>, <strong>faire de l\u2019escalade, des randonn\u00e9es en raquettes, pratiquer des activit\u00e9s nautiques<\/strong> et jouir des multiples f\u00eates et \u00e9v\u00e8nements qui feront de votre s\u00e9jour une aventure authentique.<\/p>\n<p>\u00c0 <strong>Cal Arderiu<\/strong> vous serez inform\u00e9s et conseill\u00e9s au sujet des activit\u00e9s et des entreprises qui les r\u00e9alisent, ceci en fonction de la saison choisie. Nous vous aideront donc \u00e0 trouver le tourisme de notre r\u00e9gion selon vos go\u00fbts.<\/p>\n<\/div><\/section><\/div><\/div><\/div><\/div><!-- close content main div --><\/div><\/div>\n<style type=\"text\/css\" data-created_by=\"avia_inline_auto\" id=\"style-css-av-jub71hgo-b00636afb872f1a46e5bd877320f8e6a\">\n.avia-section.av-jub71hgo-b00636afb872f1a46e5bd877320f8e6a{\nbackground-color:#3b3e47;\nbackground-image:unset;\n}\n<\/style>\n<div id='av_section_1'  class='avia-section av-jub71hgo-b00636afb872f1a46e5bd877320f8e6a main_color avia-section-default avia-no-border-styling  avia-builder-el-6  el_after_av_one_half  el_before_av_heading  avia-bg-style-scroll container_wrap fullsize'  ><div class='container av-section-cont-open' ><div class='template-page content  av-content-full alpha units'><div class='post-entry post-entry-type-page post-entry-515'><div class='entry-content-wrapper clearfix'>\n\n<style type=\"text\/css\" data-created_by=\"avia_inline_auto\" id=\"style-css-av-jub70v9c-45ac807ea0a99b13dbf86a666cae5b0b\">\n#top .avia-gallery.av-jub70v9c-45ac807ea0a99b13dbf86a666cae5b0b .avia-gallery-thumb a{\nwidth:20%;\n}\n<\/style>\n<div  class='avia-gallery av-jub70v9c-45ac807ea0a99b13dbf86a666cae5b0b avia_animate_when_visible  avia-builder-el-7  avia-builder-el-no-sibling  avia_lazyload avia-gallery-animate avia-gallery-1'  itemprop=\"image\" itemscope=\"itemscope\" itemtype=\"https:\/\/schema.org\/ImageObject\" ><meta itemprop=\"contentURL\" content=\"https:\/\/www.calarderiu.com\/fr\/environs-et-activites\/\"><div class='avia-gallery-thumb'><a href=\"https:\/\/www.calarderiu.com\/wp-content\/uploads\/2019\/04\/P1020745-773x1030.jpg\" data-srcset=\"https:\/\/www.calarderiu.com\/wp-content\/uploads\/2019\/04\/P1020745-773x1030.jpg 773w, https:\/\/www.calarderiu.com\/wp-content\/uploads\/2019\/04\/P1020745-225x300.jpg 225w, https:\/\/www.calarderiu.com\/wp-content\/uploads\/2019\/04\/P1020745-768x1024.jpg 768w, https:\/\/www.calarderiu.com\/wp-content\/uploads\/2019\/04\/P1020745-1125x1500.jpg 1125w, https:\/\/www.calarderiu.com\/wp-content\/uploads\/2019\/04\/P1020745-529x705.jpg 529w, https:\/\/www.calarderiu.com\/wp-content\/uploads\/2019\/04\/P1020745-450x600.jpg 450w, https:\/\/www.calarderiu.com\/wp-content\/uploads\/2019\/04\/P1020745.jpg 1920w\" data-sizes=\"(max-width: 773px) 100vw, 773px\" data-rel='gallery-1' data-prev-img='https:\/\/www.calarderiu.com\/wp-content\/uploads\/2019\/04\/P1020745-495x400.jpg' class='first_thumb lightbox ' data-onclick='1' title='Escalada'  itemprop=\"thumbnailUrl\"  ><img decoding=\"async\" fetchpriority=\"high\" class=\"wp-image-141 avia-img-lazy-loading-not-141\"  data-avia-tooltip='Escalada' src=\"https:\/\/www.calarderiu.com\/wp-content\/uploads\/2019\/04\/P1020745-495x400.jpg\" width=\"495\" height=\"400\"  title='Escalada' alt='Escalada' srcset=\"https:\/\/www.calarderiu.com\/wp-content\/uploads\/2019\/04\/P1020745-495x400.jpg 495w, https:\/\/www.calarderiu.com\/wp-content\/uploads\/2019\/04\/P1020745-845x684.jpg 845w\" sizes=\"(max-width: 495px) 100vw, 495px\" \/><div class='big-prev-fake'><img decoding=\"async\" loading=\"lazy\" class=\"wp-image-141 avia-img-lazy-loading-141\"  width=\"495\" height=\"400\" src=\"https:\/\/www.calarderiu.com\/wp-content\/uploads\/2019\/04\/P1020745-495x400.jpg\" title='Escalada' alt='Escalada' srcset=\"https:\/\/www.calarderiu.com\/wp-content\/uploads\/2019\/04\/P1020745-495x400.jpg 495w, https:\/\/www.calarderiu.com\/wp-content\/uploads\/2019\/04\/P1020745-845x684.jpg 845w\" sizes=\"auto, (max-width: 495px) 100vw, 495px\" \/><\/div><\/a><a href=\"https:\/\/www.calarderiu.com\/wp-content\/uploads\/2019\/04\/barranc-1030x772.jpg\" data-srcset=\"https:\/\/www.calarderiu.com\/wp-content\/uploads\/2019\/04\/barranc.jpg 1030w, https:\/\/www.calarderiu.com\/wp-content\/uploads\/2019\/04\/barranc-300x225.jpg 300w, https:\/\/www.calarderiu.com\/wp-content\/uploads\/2019\/04\/barranc-768x576.jpg 768w, https:\/\/www.calarderiu.com\/wp-content\/uploads\/2019\/04\/barranc-705x528.jpg 705w, https:\/\/www.calarderiu.com\/wp-content\/uploads\/2019\/04\/barranc-450x337.jpg 450w\" data-sizes=\"(max-width: 1030px) 100vw, 1030px\" data-rel='gallery-1' data-prev-img='https:\/\/www.calarderiu.com\/wp-content\/uploads\/2019\/04\/barranc-495x400.jpg' class='lightbox ' data-onclick='2' title='Barranquisme'  itemprop=\"thumbnailUrl\"  ><img decoding=\"async\" fetchpriority=\"high\" class=\"wp-image-134 avia-img-lazy-loading-not-134\"  data-avia-tooltip='Barranquisme' src=\"https:\/\/www.calarderiu.com\/wp-content\/uploads\/2019\/04\/barranc-495x400.jpg\" width=\"495\" height=\"400\"  title='Barranquisme' alt='Barranquisme' srcset=\"https:\/\/www.calarderiu.com\/wp-content\/uploads\/2019\/04\/barranc-495x400.jpg 495w, https:\/\/www.calarderiu.com\/wp-content\/uploads\/2019\/04\/barranc-845x684.jpg 845w\" sizes=\"(max-width: 495px) 100vw, 495px\" \/><div class='big-prev-fake'><img decoding=\"async\" loading=\"lazy\" class=\"wp-image-134 avia-img-lazy-loading-134\"  width=\"495\" height=\"400\" src=\"https:\/\/www.calarderiu.com\/wp-content\/uploads\/2019\/04\/barranc-495x400.jpg\" title='Barranquisme' alt='Barranquisme' srcset=\"https:\/\/www.calarderiu.com\/wp-content\/uploads\/2019\/04\/barranc-495x400.jpg 495w, https:\/\/www.calarderiu.com\/wp-content\/uploads\/2019\/04\/barranc-845x684.jpg 845w\" sizes=\"auto, (max-width: 495px) 100vw, 495px\" \/><\/div><\/a><a href=\"https:\/\/www.calarderiu.com\/wp-content\/uploads\/2019\/04\/380715661Ehzmsm_ph.jpg\" data-srcset=\"https:\/\/www.calarderiu.com\/wp-content\/uploads\/2019\/04\/380715661Ehzmsm_ph.jpg 800w, https:\/\/www.calarderiu.com\/wp-content\/uploads\/2019\/04\/380715661Ehzmsm_ph-300x225.jpg 300w, https:\/\/www.calarderiu.com\/wp-content\/uploads\/2019\/04\/380715661Ehzmsm_ph-768x576.jpg 768w, https:\/\/www.calarderiu.com\/wp-content\/uploads\/2019\/04\/380715661Ehzmsm_ph-705x529.jpg 705w, https:\/\/www.calarderiu.com\/wp-content\/uploads\/2019\/04\/380715661Ehzmsm_ph-450x338.jpg 450w\" data-sizes=\"(max-width: 800px) 100vw, 800px\" data-rel='gallery-1' data-prev-img='https:\/\/www.calarderiu.com\/wp-content\/uploads\/2019\/04\/380715661Ehzmsm_ph-495x400.jpg' class='lightbox ' data-onclick='3' title='Bicicleta de muntanya'  itemprop=\"thumbnailUrl\"  ><img decoding=\"async\" fetchpriority=\"high\" class=\"wp-image-133 avia-img-lazy-loading-not-133\"  data-avia-tooltip='Bicicleta de muntanya' src=\"https:\/\/www.calarderiu.com\/wp-content\/uploads\/2019\/04\/380715661Ehzmsm_ph-495x400.jpg\" width=\"495\" height=\"400\"  title='Bicicleta de muntanya' alt='Bicicleta de muntanya' \/><div class='big-prev-fake'><img decoding=\"async\" loading=\"lazy\" class=\"wp-image-133 avia-img-lazy-loading-133\"  width=\"495\" height=\"400\" src=\"https:\/\/www.calarderiu.com\/wp-content\/uploads\/2019\/04\/380715661Ehzmsm_ph-495x400.jpg\" title='Bicicleta de muntanya' alt='Bicicleta de muntanya' \/><\/div><\/a><a href=\"https:\/\/www.calarderiu.com\/wp-content\/uploads\/2019\/04\/PA300086-1030x773.jpg\" data-srcset=\"https:\/\/www.calarderiu.com\/wp-content\/uploads\/2019\/04\/PA300086-1030x773.jpg 1030w, https:\/\/www.calarderiu.com\/wp-content\/uploads\/2019\/04\/PA300086-300x225.jpg 300w, https:\/\/www.calarderiu.com\/wp-content\/uploads\/2019\/04\/PA300086-768x576.jpg 768w, https:\/\/www.calarderiu.com\/wp-content\/uploads\/2019\/04\/PA300086-1500x1125.jpg 1500w, https:\/\/www.calarderiu.com\/wp-content\/uploads\/2019\/04\/PA300086-705x529.jpg 705w, https:\/\/www.calarderiu.com\/wp-content\/uploads\/2019\/04\/PA300086-450x338.jpg 450w\" data-sizes=\"(max-width: 1030px) 100vw, 1030px\" data-rel='gallery-1' data-prev-img='https:\/\/www.calarderiu.com\/wp-content\/uploads\/2019\/04\/PA300086-495x400.jpg' class='lightbox ' data-onclick='4' title='BTT per una fageda del Catllar\u00e0s'  itemprop=\"thumbnailUrl\"  ><img decoding=\"async\" fetchpriority=\"high\" class=\"wp-image-106 avia-img-lazy-loading-not-106\"  data-avia-tooltip='BTT per una fageda del Catllar\u00e0s' src=\"https:\/\/www.calarderiu.com\/wp-content\/uploads\/2019\/04\/PA300086-495x400.jpg\" width=\"495\" height=\"400\"  title='BTT per una fageda del Catllar\u00e0s' alt='BTT per una fageda del Catllar\u00e0s' srcset=\"https:\/\/www.calarderiu.com\/wp-content\/uploads\/2019\/04\/PA300086-495x400.jpg 495w, https:\/\/www.calarderiu.com\/wp-content\/uploads\/2019\/04\/PA300086-845x684.jpg 845w\" sizes=\"(max-width: 495px) 100vw, 495px\" \/><div class='big-prev-fake'><img decoding=\"async\" loading=\"lazy\" class=\"wp-image-106 avia-img-lazy-loading-106\"  width=\"495\" height=\"400\" src=\"https:\/\/www.calarderiu.com\/wp-content\/uploads\/2019\/04\/PA300086-495x400.jpg\" title='BTT per una fageda del Catllar\u00e0s' alt='BTT per una fageda del Catllar\u00e0s' srcset=\"https:\/\/www.calarderiu.com\/wp-content\/uploads\/2019\/04\/PA300086-495x400.jpg 495w, https:\/\/www.calarderiu.com\/wp-content\/uploads\/2019\/04\/PA300086-845x684.jpg 845w\" sizes=\"auto, (max-width: 495px) 100vw, 495px\" \/><\/div><\/a><a href=\"https:\/\/www.calarderiu.com\/wp-content\/uploads\/2019\/04\/20170221_1330302-1030x618.jpg\" data-srcset=\"https:\/\/www.calarderiu.com\/wp-content\/uploads\/2019\/04\/20170221_1330302-1030x618.jpg 1030w, https:\/\/www.calarderiu.com\/wp-content\/uploads\/2019\/04\/20170221_1330302-300x180.jpg 300w, https:\/\/www.calarderiu.com\/wp-content\/uploads\/2019\/04\/20170221_1330302-768x461.jpg 768w, https:\/\/www.calarderiu.com\/wp-content\/uploads\/2019\/04\/20170221_1330302-1500x900.jpg 1500w, https:\/\/www.calarderiu.com\/wp-content\/uploads\/2019\/04\/20170221_1330302-705x423.jpg 705w, https:\/\/www.calarderiu.com\/wp-content\/uploads\/2019\/04\/20170221_1330302-450x270.jpg 450w\" data-sizes=\"(max-width: 1030px) 100vw, 1030px\" data-rel='gallery-1' data-prev-img='https:\/\/www.calarderiu.com\/wp-content\/uploads\/2019\/04\/20170221_1330302-495x400.jpg' class='lightbox ' data-onclick='5' title='Vistes del Pedraforca i el Cad\u00ed Moixer\u00f3'  itemprop=\"thumbnailUrl\"  ><img decoding=\"async\" fetchpriority=\"high\" class=\"wp-image-119 avia-img-lazy-loading-not-119\"  data-avia-tooltip='Vistes del Pedraforca i el Cad\u00ed Moixer\u00f3' src=\"https:\/\/www.calarderiu.com\/wp-content\/uploads\/2019\/04\/20170221_1330302-495x400.jpg\" width=\"495\" height=\"400\"  title='Vistes del Pedraforca i el Cad\u00ed Moixer\u00f3' alt='Vistes del Pedraforca i el Cad\u00ed Moixer\u00f3' srcset=\"https:\/\/www.calarderiu.com\/wp-content\/uploads\/2019\/04\/20170221_1330302-495x400.jpg 495w, https:\/\/www.calarderiu.com\/wp-content\/uploads\/2019\/04\/20170221_1330302-845x684.jpg 845w\" sizes=\"(max-width: 495px) 100vw, 495px\" \/><div class='big-prev-fake'><img decoding=\"async\" loading=\"lazy\" class=\"wp-image-119 avia-img-lazy-loading-119\"  width=\"495\" height=\"400\" src=\"https:\/\/www.calarderiu.com\/wp-content\/uploads\/2019\/04\/20170221_1330302-495x400.jpg\" title='Vistes del Pedraforca i el Cad\u00ed Moixer\u00f3' alt='Vistes del Pedraforca i el Cad\u00ed Moixer\u00f3' srcset=\"https:\/\/www.calarderiu.com\/wp-content\/uploads\/2019\/04\/20170221_1330302-495x400.jpg 495w, https:\/\/www.calarderiu.com\/wp-content\/uploads\/2019\/04\/20170221_1330302-845x684.jpg 845w\" sizes=\"auto, (max-width: 495px) 100vw, 495px\" \/><\/div><\/a><\/div><\/div>\n<\/div><\/div><\/div><!-- close content main div --><\/div><\/div><div id='after_section_1'  class='main_color av_default_container_wrap container_wrap fullsize'  ><div class='container av-section-cont-open' ><div class='template-page content  av-content-full alpha units'><div class='post-entry post-entry-type-page post-entry-515'><div class='entry-content-wrapper clearfix'><\/p>\n\n<style type=\"text\/css\" data-created_by=\"avia_inline_auto\" id=\"style-css-av-av_heading-6fd6daf1020f4395d4a6a67dfc1bccbb\">\n#top .av-special-heading.av-av_heading-6fd6daf1020f4395d4a6a67dfc1bccbb{\npadding-bottom:30px;\n}\nbody .av-special-heading.av-av_heading-6fd6daf1020f4395d4a6a67dfc1bccbb .av-special-heading-tag .heading-char{\nfont-size:25px;\n}\n.av-special-heading.av-av_heading-6fd6daf1020f4395d4a6a67dfc1bccbb .av-subheading{\nfont-size:15px;\n}\n<\/style>\n<div  class='av-special-heading av-av_heading-6fd6daf1020f4395d4a6a67dfc1bccbb av-special-heading-h2 blockquote modern-quote  avia-builder-el-8  el_after_av_section  el_before_av_one_third  avia-builder-el-first '><h2 class='av-special-heading-tag '  itemprop=\"headline\"  >NOUS VOUS PROPOSONS DANS LES ENVIRONS<\/h2><div class=\"special-heading-border\"><div class=\"special-heading-inner-border\"><\/div><\/div><\/div>\n\n<style type=\"text\/css\" data-created_by=\"avia_inline_auto\" id=\"style-css-av-201d0-6f35bb19e008957aebf2d84eaa7f8406\">\n.flex_column.av-201d0-6f35bb19e008957aebf2d84eaa7f8406{\nborder-radius:0px 0px 0px 0px;\npadding:0px 0px 0px 0px;\n}\n<\/style>\n<div  class='flex_column av-201d0-6f35bb19e008957aebf2d84eaa7f8406 av_one_third  avia-builder-el-9  el_after_av_heading  el_before_av_one_third  first flex_column_div av-zero-column-padding  '     ><section  class='av_textblock_section av-jtzum14u-565ae89fad8c7e242a84b383f45c5c20 '   itemscope=\"itemscope\" itemtype=\"https:\/\/schema.org\/CreativeWork\" ><div class='avia_textblock'  itemprop=\"text\" ><h3>Parcs d\u2019aventure:<\/h3>\n<ul>\n<li>Parc de Palomera dans la r\u00e9gion de Pedraforca: <a href=\"http:\/\/pedraforcaparcaventura.com\/\" target=\"_blank\" rel=\"noopener noreferrer\">http:\/\/pedraforcaparcaventura.com<\/a><\/li>\n<li>Parc del Catllar\u00e0s \u00e0 La Pobla de Lillet: <a href=\"http:\/\/www.parcdaventuresdelcatllaras.cat\" target=\"_blank\" rel=\"noopener noreferrer\">http:\/\/www.parcdaventuresdelcatllaras.cat<\/a><\/li>\n<\/ul>\n<h3>Guides:<\/h3>\n<ul>\n<li><a href=\"http:\/\/cercleaventura.com\/ca\/\" target=\"_blank\" rel=\"noopener noreferrer\">http:\/\/cercleaventura.com<\/a><\/li>\n<li><a href=\"http:\/\/www.guiesbtt.cat\/indexfr.html\" target=\"_blank\" rel=\"noopener noreferrer\">http:\/\/www.guiesbtt.cat<\/a><\/li>\n<li><a href=\"http:\/\/www.guiesdelcadi.cat\" target=\"_blank\" rel=\"noopener noreferrer\">http:\/\/www.guiesdelcadi.cat<\/a><\/li>\n<li><a href=\"http:\/\/www.quadsdepages.cat\" target=\"_blank\" rel=\"noopener noreferrer\">http:\/\/www.quadsdepages.cat<\/a><\/li>\n<\/ul>\n<\/div><\/section><\/div>\n\n<style type=\"text\/css\" data-created_by=\"avia_inline_auto\" id=\"style-css-av-1ahgc-5878b4f1d18be142fe68fb7db075979a\">\n.flex_column.av-1ahgc-5878b4f1d18be142fe68fb7db075979a{\nborder-radius:0px 0px 0px 0px;\npadding:0px 0px 0px 0px;\n}\n<\/style>\n<div  class='flex_column av-1ahgc-5878b4f1d18be142fe68fb7db075979a av_one_third  avia-builder-el-11  el_after_av_one_third  el_before_av_one_third  flex_column_div av-zero-column-padding  '     ><section  class='av_textblock_section av-jtzum14u-565ae89fad8c7e242a84b383f45c5c20 '   itemscope=\"itemscope\" itemtype=\"https:\/\/schema.org\/CreativeWork\" ><div class='avia_textblock'  itemprop=\"text\" ><h3>Activit\u00e9s nautiques:<\/h3>\n<ul>\n<li><a href=\"http:\/\/www.berguedanautic.com\" target=\"_blank\" rel=\"noopener noreferrer\">http:\/\/www.berguedanautic.com<\/a><\/li>\n<li><a href=\"http:\/\/www.molidelcavaller.com\/\" target=\"_blank\" rel=\"noopener noreferrer\">http:\/\/www.molidelcavaller.com<\/a><\/li>\n<\/ul>\n<h3>Activit\u00e9s \u00e9questres:<\/h3>\n<ul>\n<li>Fundaci\u00f3 Miranda al Pla de l\u2019Orri, al Catllar\u00e0s: <a href=\"https:\/\/www.fundaciomiranda.org\/\" target=\"_blank\" rel=\"noopener noreferrer\">https:\/\/www.fundaciomiranda.org<\/a><\/li>\n<li>Centre \u00e9questre Vilaformiu: <a href=\"http:\/\/www.vilaformiu.com\/cavalls\/\" target=\"_blank\" rel=\"noopener noreferrer\">http:\/\/www.vilaformiu.com\/cavalls<\/a><\/li>\n<\/ul>\n<\/div><\/section><\/div>\n\n<style type=\"text\/css\" data-created_by=\"avia_inline_auto\" id=\"style-css-av-uv6o-6e302fd838677cd6e70c1d3df81ca8d1\">\n.flex_column.av-uv6o-6e302fd838677cd6e70c1d3df81ca8d1{\nborder-radius:0px 0px 0px 0px;\npadding:0px 0px 0px 0px;\n}\n<\/style>\n<div  class='flex_column av-uv6o-6e302fd838677cd6e70c1d3df81ca8d1 av_one_third  avia-builder-el-13  el_after_av_one_third  avia-builder-el-last  flex_column_div av-zero-column-padding  '     ><section  class='av_textblock_section av-jtzum14u-565ae89fad8c7e242a84b383f45c5c20 '   itemscope=\"itemscope\" itemtype=\"https:\/\/schema.org\/CreativeWork\" ><div class='avia_textblock'  itemprop=\"text\" ><h3>Tourisme i gastronomie:<\/h3>\n<ul>\n<li>Mus\u00e9e des mines de Cercs:\u00a0<a href=\"http:\/\/www.mmcercs.cat\/fr\" target=\"_blank\" rel=\"noopener noreferrer\">http:\/\/www.mmcercs.cat<\/a><\/li>\n<li>Train du ciment \u00e0 la Pobla de Lillet:\u00a0<a href=\"https:\/\/www.trendelciment.cat\/\" target=\"_blank\" rel=\"noopener noreferrer\">https:\/\/www.trendelciment.cat<\/a><\/li>\n<li><a href=\"http:\/\/www.cuinadelbolet.com\/\" target=\"_blank\" rel=\"noopener noreferrer\">http:\/\/www.cuinadelbolet.com<\/a><\/li>\n<li>Parc Natural del Cad\u00ed Moixer\u00f3:\u00a0<a href=\"http:\/\/parcsnaturals.gencat.cat\/fr\/cadi\/index.html\" target=\"_blank\" rel=\"noopener noreferrer\">http:\/\/parcsnaturals.gencat.cat<\/a><\/li>\n<li><a href=\"http:\/\/www.elbergueda.cat\/fr\" target=\"_blank\" rel=\"noopener noreferrer\">http:\/\/www.elbergueda.cat<\/a><\/li>\n<\/ul>\n<\/div><\/section><\/div>\n","protected":false},"excerpt":{"rendered":"","protected":false},"author":3,"featured_media":0,"parent":0,"menu_order":0,"comment_status":"closed","ping_status":"closed","template":"","meta":{"footnotes":""},"class_list":["post-515","page","type-page","status-publish","hentry"],"yoast_head":"<!-- This site is optimized with the Yoast SEO plugin v27.3 - https:\/\/yoast.com\/product\/yoast-seo-wordpress\/ -->\n<title>Environs et activit\u00e9s - Cal Arderiu Turisme Rural<\/title>\n<meta name=\"robots\" content=\"index, follow, max-snippet:-1, max-image-preview:large, max-video-preview:-1\" \/>\n<link rel=\"canonical\" href=\"https:\/\/www.calarderiu.com\/fr\/environs-et-activites\/\" \/>\n<meta property=\"og:locale\" content=\"fr_FR\" \/>\n<meta property=\"og:type\" content=\"article\" \/>\n<meta property=\"og:title\" content=\"Environs et activit\u00e9s - Cal Arderiu Turisme Rural\" \/>\n<meta property=\"og:url\" content=\"https:\/\/www.calarderiu.com\/fr\/environs-et-activites\/\" \/>\n<meta property=\"og:site_name\" content=\"Cal Arderiu Turisme Rural\" \/>\n<meta property=\"article:modified_time\" content=\"2019-06-06T16:34:36+00:00\" \/>\n<meta name=\"twitter:card\" content=\"summary_large_image\" \/>\n<meta name=\"twitter:label1\" content=\"Dur\u00e9e de lecture estim\u00e9e\" \/>\n\t<meta name=\"twitter:data1\" content=\"11 minutes\" \/>\n<script type=\"application\/ld+json\" class=\"yoast-schema-graph\">{\"@context\":\"https:\\\/\\\/schema.org\",\"@graph\":[{\"@type\":\"WebPage\",\"@id\":\"https:\\\/\\\/www.calarderiu.com\\\/fr\\\/environs-et-activites\\\/\",\"url\":\"https:\\\/\\\/www.calarderiu.com\\\/fr\\\/environs-et-activites\\\/\",\"name\":\"Environs et activit\u00e9s - Cal Arderiu Turisme Rural\",\"isPartOf\":{\"@id\":\"https:\\\/\\\/www.calarderiu.com\\\/#website\"},\"datePublished\":\"2019-05-06T11:10:06+00:00\",\"dateModified\":\"2019-06-06T16:34:36+00:00\",\"breadcrumb\":{\"@id\":\"https:\\\/\\\/www.calarderiu.com\\\/fr\\\/environs-et-activites\\\/#breadcrumb\"},\"inLanguage\":\"fr-FR\",\"potentialAction\":[{\"@type\":\"ReadAction\",\"target\":[\"https:\\\/\\\/www.calarderiu.com\\\/fr\\\/environs-et-activites\\\/\"]}]},{\"@type\":\"BreadcrumbList\",\"@id\":\"https:\\\/\\\/www.calarderiu.com\\\/fr\\\/environs-et-activites\\\/#breadcrumb\",\"itemListElement\":[{\"@type\":\"ListItem\",\"position\":1,\"name\":\"Inici\",\"item\":\"https:\\\/\\\/www.calarderiu.com\\\/fr\\\/\"},{\"@type\":\"ListItem\",\"position\":2,\"name\":\"Environs et activit\u00e9s\"}]},{\"@type\":\"WebSite\",\"@id\":\"https:\\\/\\\/www.calarderiu.com\\\/#website\",\"url\":\"https:\\\/\\\/www.calarderiu.com\\\/\",\"name\":\"Cal Arderiu Turisme Rural\",\"description\":\"Casa rural a Sant Juli\u00e0 de Cerdanyola (Bergued\u00e0)\",\"potentialAction\":[{\"@type\":\"SearchAction\",\"target\":{\"@type\":\"EntryPoint\",\"urlTemplate\":\"https:\\\/\\\/www.calarderiu.com\\\/?s={search_term_string}\"},\"query-input\":{\"@type\":\"PropertyValueSpecification\",\"valueRequired\":true,\"valueName\":\"search_term_string\"}}],\"inLanguage\":\"fr-FR\"}]}<\/script>\n<!-- \/ Yoast SEO plugin. -->","yoast_head_json":{"title":"Environs et activit\u00e9s - Cal Arderiu Turisme Rural","robots":{"index":"index","follow":"follow","max-snippet":"max-snippet:-1","max-image-preview":"max-image-preview:large","max-video-preview":"max-video-preview:-1"},"canonical":"https:\/\/www.calarderiu.com\/fr\/environs-et-activites\/","og_locale":"fr_FR","og_type":"article","og_title":"Environs et activit\u00e9s - Cal Arderiu Turisme Rural","og_url":"https:\/\/www.calarderiu.com\/fr\/environs-et-activites\/","og_site_name":"Cal Arderiu Turisme Rural","article_modified_time":"2019-06-06T16:34:36+00:00","twitter_card":"summary_large_image","twitter_misc":{"Dur\u00e9e de lecture estim\u00e9e":"11 minutes"},"schema":{"@context":"https:\/\/schema.org","@graph":[{"@type":"WebPage","@id":"https:\/\/www.calarderiu.com\/fr\/environs-et-activites\/","url":"https:\/\/www.calarderiu.com\/fr\/environs-et-activites\/","name":"Environs et activit\u00e9s - Cal Arderiu Turisme Rural","isPartOf":{"@id":"https:\/\/www.calarderiu.com\/#website"},"datePublished":"2019-05-06T11:10:06+00:00","dateModified":"2019-06-06T16:34:36+00:00","breadcrumb":{"@id":"https:\/\/www.calarderiu.com\/fr\/environs-et-activites\/#breadcrumb"},"inLanguage":"fr-FR","potentialAction":[{"@type":"ReadAction","target":["https:\/\/www.calarderiu.com\/fr\/environs-et-activites\/"]}]},{"@type":"BreadcrumbList","@id":"https:\/\/www.calarderiu.com\/fr\/environs-et-activites\/#breadcrumb","itemListElement":[{"@type":"ListItem","position":1,"name":"Inici","item":"https:\/\/www.calarderiu.com\/fr\/"},{"@type":"ListItem","position":2,"name":"Environs et activit\u00e9s"}]},{"@type":"WebSite","@id":"https:\/\/www.calarderiu.com\/#website","url":"https:\/\/www.calarderiu.com\/","name":"Cal Arderiu Turisme Rural","description":"Casa rural a Sant Juli\u00e0 de Cerdanyola (Bergued\u00e0)","potentialAction":[{"@type":"SearchAction","target":{"@type":"EntryPoint","urlTemplate":"https:\/\/www.calarderiu.com\/?s={search_term_string}"},"query-input":{"@type":"PropertyValueSpecification","valueRequired":true,"valueName":"search_term_string"}}],"inLanguage":"fr-FR"}]}},"_links":{"self":[{"href":"https:\/\/www.calarderiu.com\/fr\/wp-json\/wp\/v2\/pages\/515","targetHints":{"allow":["GET"]}}],"collection":[{"href":"https:\/\/www.calarderiu.com\/fr\/wp-json\/wp\/v2\/pages"}],"about":[{"href":"https:\/\/www.calarderiu.com\/fr\/wp-json\/wp\/v2\/types\/page"}],"author":[{"embeddable":true,"href":"https:\/\/www.calarderiu.com\/fr\/wp-json\/wp\/v2\/users\/3"}],"replies":[{"embeddable":true,"href":"https:\/\/www.calarderiu.com\/fr\/wp-json\/wp\/v2\/comments?post=515"}],"version-history":[{"count":10,"href":"https:\/\/www.calarderiu.com\/fr\/wp-json\/wp\/v2\/pages\/515\/revisions"}],"predecessor-version":[{"id":928,"href":"https:\/\/www.calarderiu.com\/fr\/wp-json\/wp\/v2\/pages\/515\/revisions\/928"}],"wp:attachment":[{"href":"https:\/\/www.calarderiu.com\/fr\/wp-json\/wp\/v2\/media?parent=515"}],"curies":[{"name":"wp","href":"https:\/\/api.w.org\/{rel}","templated":true}]}}