{"id":456,"date":"2019-05-06T09:20:44","date_gmt":"2019-05-06T09:20:44","guid":{"rendered":"https:\/\/www.calarderiu.com\/?page_id=456"},"modified":"2021-07-26T09:17:06","modified_gmt":"2021-07-26T09:17:06","slug":"inicio","status":"publish","type":"page","link":"https:\/\/www.calarderiu.com\/es\/","title":{"rendered":"Inicio"},"content":{"rendered":"<div id='full_slider_1'  class='avia-fullwidth-slider main_color avia-shadow   avia-builder-el-0  el_before_av_one_half  avia-builder-el-first   container_wrap fullsize'  ><div  class='avia-slideshow av-ud7u-906a3ec8b4ad99d4f10001f463d75571 avia-slideshow-featured av_slideshow_full avia-slide-slider av-slideshow-ui av-control-default av-slideshow-autoplay av-loop-endless av-loop-manual-endless av-default-height-applied   avia-slideshow-1' data-slideshow-options=\"{&quot;animation&quot;:&quot;slide&quot;,&quot;autoplay&quot;:true,&quot;loop_autoplay&quot;:&quot;endless&quot;,&quot;interval&quot;:5,&quot;loop_manual&quot;:&quot;manual-endless&quot;,&quot;autoplay_stopper&quot;:false,&quot;noNavigation&quot;:false,&quot;bg_slider&quot;:false,&quot;keep_padding&quot;:false,&quot;hoverpause&quot;:false,&quot;show_slide_delay&quot;:0}\"  itemprop=\"image\" itemscope=\"itemscope\" itemtype=\"https:\/\/schema.org\/ImageObject\" ><ul class='avia-slideshow-inner ' style='padding-bottom: 28.666666666667%;'><li  class='avia-slideshow-slide av-ud7u-906a3ec8b4ad99d4f10001f463d75571__0  slide-1 slide-odd'><div data-rel='slideshow-1' class='avia-slide-wrap '  title='Terrassa primera planta' ><img decoding=\"async\" fetchpriority=\"high\" class=\"wp-image-344 avia-img-lazy-loading-not-344\"  src=\"https:\/\/www.calarderiu.com\/wp-content\/uploads\/2019\/04\/cal-arderiu-turisme-rural-11.jpg\" width=\"1500\" height=\"430\" title='Terrassa primera planta' alt='Terrassa primera planta'  itemprop=\"thumbnailUrl\" srcset=\"https:\/\/www.calarderiu.com\/wp-content\/uploads\/2019\/04\/cal-arderiu-turisme-rural-11.jpg 1500w, https:\/\/www.calarderiu.com\/wp-content\/uploads\/2019\/04\/cal-arderiu-turisme-rural-11-300x86.jpg 300w, https:\/\/www.calarderiu.com\/wp-content\/uploads\/2019\/04\/cal-arderiu-turisme-rural-11-768x220.jpg 768w, https:\/\/www.calarderiu.com\/wp-content\/uploads\/2019\/04\/cal-arderiu-turisme-rural-11-1030x295.jpg 1030w, https:\/\/www.calarderiu.com\/wp-content\/uploads\/2019\/04\/cal-arderiu-turisme-rural-11-705x202.jpg 705w, https:\/\/www.calarderiu.com\/wp-content\/uploads\/2019\/04\/cal-arderiu-turisme-rural-11-450x129.jpg 450w\" sizes=\"(max-width: 1500px) 100vw, 1500px\" \/><\/div><\/li><li  class='avia-slideshow-slide av-ud7u-906a3ec8b4ad99d4f10001f463d75571__1  slide-2 slide-even'><div data-rel='slideshow-1' class='avia-slide-wrap '  title='Vistes de la Serra del Cad\u00ed Moixer\u00f3' ><img decoding=\"async\" fetchpriority=\"high\" class=\"wp-image-342 avia-img-lazy-loading-not-342\"  src=\"https:\/\/www.calarderiu.com\/wp-content\/uploads\/2019\/04\/cal-arderiu-turisme-rural-13.jpg\" width=\"1500\" height=\"430\" title='Vistes de la Serra del Cad\u00ed Moixer\u00f3' alt='Vistes de la Serra del Cad\u00ed Moixer\u00f3'  itemprop=\"thumbnailUrl\" srcset=\"https:\/\/www.calarderiu.com\/wp-content\/uploads\/2019\/04\/cal-arderiu-turisme-rural-13.jpg 1500w, https:\/\/www.calarderiu.com\/wp-content\/uploads\/2019\/04\/cal-arderiu-turisme-rural-13-300x86.jpg 300w, https:\/\/www.calarderiu.com\/wp-content\/uploads\/2019\/04\/cal-arderiu-turisme-rural-13-768x220.jpg 768w, https:\/\/www.calarderiu.com\/wp-content\/uploads\/2019\/04\/cal-arderiu-turisme-rural-13-1030x295.jpg 1030w, https:\/\/www.calarderiu.com\/wp-content\/uploads\/2019\/04\/cal-arderiu-turisme-rural-13-705x202.jpg 705w, https:\/\/www.calarderiu.com\/wp-content\/uploads\/2019\/04\/cal-arderiu-turisme-rural-13-450x129.jpg 450w\" sizes=\"(max-width: 1500px) 100vw, 1500px\" \/><\/div><\/li><li  class='avia-slideshow-slide av-ud7u-906a3ec8b4ad99d4f10001f463d75571__2  slide-3 slide-odd'><div data-rel='slideshow-1' class='avia-slide-wrap '  title='Jard\u00ed amb taula familiar' ><img decoding=\"async\" fetchpriority=\"high\" class=\"wp-image-343 avia-img-lazy-loading-not-343\"  src=\"https:\/\/www.calarderiu.com\/wp-content\/uploads\/2019\/04\/cal-arderiu-turisme-rural-12.jpg\" width=\"1500\" height=\"430\" title='Jard\u00ed amb taula familiar' alt='Jard\u00ed amb taula familiar'  itemprop=\"thumbnailUrl\" srcset=\"https:\/\/www.calarderiu.com\/wp-content\/uploads\/2019\/04\/cal-arderiu-turisme-rural-12.jpg 1500w, https:\/\/www.calarderiu.com\/wp-content\/uploads\/2019\/04\/cal-arderiu-turisme-rural-12-300x86.jpg 300w, https:\/\/www.calarderiu.com\/wp-content\/uploads\/2019\/04\/cal-arderiu-turisme-rural-12-768x220.jpg 768w, https:\/\/www.calarderiu.com\/wp-content\/uploads\/2019\/04\/cal-arderiu-turisme-rural-12-1030x295.jpg 1030w, https:\/\/www.calarderiu.com\/wp-content\/uploads\/2019\/04\/cal-arderiu-turisme-rural-12-705x202.jpg 705w, https:\/\/www.calarderiu.com\/wp-content\/uploads\/2019\/04\/cal-arderiu-turisme-rural-12-450x129.jpg 450w\" sizes=\"(max-width: 1500px) 100vw, 1500px\" \/><\/div><\/li><li  class='avia-slideshow-slide av-ud7u-906a3ec8b4ad99d4f10001f463d75571__3  slide-4 slide-even'><div data-rel='slideshow-1' class='avia-slide-wrap '  title='Sant Juli\u00e0 de Cerdanyola' ><img decoding=\"async\" fetchpriority=\"high\" class=\"wp-image-346 avia-img-lazy-loading-not-346\"  src=\"https:\/\/www.calarderiu.com\/wp-content\/uploads\/2019\/04\/cal-arderiu-turisme-rural-14.jpg\" width=\"1500\" height=\"430\" title='Sant Juli\u00e0 de Cerdanyola' alt='Sant Juli\u00e0 de Cerdanyola'  itemprop=\"thumbnailUrl\" srcset=\"https:\/\/www.calarderiu.com\/wp-content\/uploads\/2019\/04\/cal-arderiu-turisme-rural-14.jpg 1500w, https:\/\/www.calarderiu.com\/wp-content\/uploads\/2019\/04\/cal-arderiu-turisme-rural-14-300x86.jpg 300w, https:\/\/www.calarderiu.com\/wp-content\/uploads\/2019\/04\/cal-arderiu-turisme-rural-14-768x220.jpg 768w, https:\/\/www.calarderiu.com\/wp-content\/uploads\/2019\/04\/cal-arderiu-turisme-rural-14-1030x295.jpg 1030w, https:\/\/www.calarderiu.com\/wp-content\/uploads\/2019\/04\/cal-arderiu-turisme-rural-14-705x202.jpg 705w, https:\/\/www.calarderiu.com\/wp-content\/uploads\/2019\/04\/cal-arderiu-turisme-rural-14-450x129.jpg 450w\" sizes=\"(max-width: 1500px) 100vw, 1500px\" \/><\/div><\/li><\/ul><div class='avia-slideshow-arrows avia-slideshow-controls' ><a href='#prev' class='prev-slide  avia-svg-icon avia-font-svg_entypo-fontello' data-av_svg_icon='left-open-big' data-av_iconset='svg_entypo-fontello' tabindex='-1' title=\"Anterior\"><svg version=\"1.1\" xmlns=\"http:\/\/www.w3.org\/2000\/svg\" width=\"15\" height=\"32\" viewBox=\"0 0 15 32\" preserveAspectRatio=\"xMidYMid meet\" aria-labelledby='av-svg-title-1' aria-describedby='av-svg-desc-1' role=\"graphics-symbol\" aria-hidden=\"true\">\n<title id='av-svg-title-1'>Anterior<\/title>\n<desc id='av-svg-desc-1'>Anterior<\/desc>\n<path d=\"M14.464 27.84q0.832 0.832 0 1.536-0.832 0.832-1.536 0l-12.544-12.608q-0.768-0.768 0-1.6l12.544-12.608q0.704-0.832 1.536 0 0.832 0.704 0 1.536l-11.456 11.904z\"><\/path>\n<\/svg><span class='avia_hidden_link_text'>Anterior<\/span><\/a><a href='#next' class='next-slide  avia-svg-icon avia-font-svg_entypo-fontello' data-av_svg_icon='right-open-big' data-av_iconset='svg_entypo-fontello' tabindex='-1' title=\"Posterior\"><svg version=\"1.1\" xmlns=\"http:\/\/www.w3.org\/2000\/svg\" width=\"15\" height=\"32\" viewBox=\"0 0 15 32\" preserveAspectRatio=\"xMidYMid meet\" aria-labelledby='av-svg-title-2' aria-describedby='av-svg-desc-2' role=\"graphics-symbol\" aria-hidden=\"true\">\n<title id='av-svg-title-2'>Posterior<\/title>\n<desc id='av-svg-desc-2'>Posterior<\/desc>\n<path d=\"M0.416 27.84l11.456-11.84-11.456-11.904q-0.832-0.832 0-1.536 0.832-0.832 1.536 0l12.544 12.608q0.768 0.832 0 1.6l-12.544 12.608q-0.704 0.832-1.536 0-0.832-0.704 0-1.536z\"><\/path>\n<\/svg><span class='avia_hidden_link_text'>Posterior<\/span><\/a><\/div><div class='avia-slideshow-dots avia-slideshow-controls'><a href='#1' class='goto-slide active' >1<\/a><a href='#2' class='goto-slide ' >2<\/a><a href='#3' class='goto-slide ' >3<\/a><a href='#4' class='goto-slide ' >4<\/a><\/div><\/div><\/div><div id='after_full_slider_1'  class='main_color av_default_container_wrap container_wrap fullsize'  ><div class='container av-section-cont-open' ><div class='template-page content  av-content-full alpha units'><div class='post-entry post-entry-type-page post-entry-456'><div class='entry-content-wrapper clearfix'>\n\n<style type=\"text\/css\" data-created_by=\"avia_inline_auto\" id=\"style-css-av-nu6q-47a204d22700c4825faebe9bd5dce14a\">\n.flex_column.av-nu6q-47a204d22700c4825faebe9bd5dce14a{\nborder-radius:0px 0px 0px 0px;\npadding:0px 0px 0px 0px;\n}\n<\/style>\n<div  class='flex_column av-nu6q-47a204d22700c4825faebe9bd5dce14a av_one_half  avia-builder-el-1  el_after_av_slideshow_full  el_before_av_one_half  avia-builder-el-first  first flex_column_div av-zero-column-padding  '     ><section  class='av_textblock_section av-jqrq935u-893741df0ad4e30145bde17aa34d265a '   itemscope=\"itemscope\" itemtype=\"https:\/\/schema.org\/CreativeWork\" ><div class='avia_textblock'  itemprop=\"text\" ><p>Alojamiento rural situado en el bonito pueblo de\u00a0<strong>Sant Juli\u00e0 de Cerdanyola<\/strong>, en la comarca del Bergued\u00e0, un pueblo tranquilo, con mucho encanto y unas vistas magn\u00edficas a sus alrededores, destacando el emblem\u00e1tico macizo del Pedraforca, la Serra del Cad\u00ed Moixer\u00f3, la Serra d\u2019Ensija o la Serra del Catllar\u00e0s, declarada Espacio de Inter\u00e9s Natural en el a\u00f1o 1992.<\/p>\n<blockquote>\n<p>Una ubicaci\u00f3n perfecta para gozar de la tranquilidad y de los parajes m\u00e1s caracter\u00edsticos del Pre-Pirineo, con espacios \u00fanicos de flora, fauna, parajes y actividades tur\u00edsticas y de aventuras.<\/p>\n<\/blockquote>\n<p>Una casa espaciosa y confortable, con una bonita terraza y patio exterior con jard\u00edn, barbacoa y mesa familiar.<\/p>\n<\/div><\/section><\/div>\n\n<style type=\"text\/css\" data-created_by=\"avia_inline_auto\" id=\"style-css-av-noh6-2b73c828da8e07e9f1dc9cace0bf166e\">\n.flex_column.av-noh6-2b73c828da8e07e9f1dc9cace0bf166e{\nborder-radius:0px 0px 0px 0px;\npadding:0px 0px 0px 0px;\n}\n<\/style>\n<div  class='flex_column av-noh6-2b73c828da8e07e9f1dc9cace0bf166e av_one_half  avia-builder-el-3  el_after_av_one_half  el_before_av_section  avia-builder-el-last  flex_column_div av-zero-column-padding  '     ><style type=\"text\/css\" data-created_by=\"avia_inline_auto\" id=\"style-css-av-judxrd57-c7caf1eff391205523408252ed2653d9\">\n.avia-image-container.av-judxrd57-c7caf1eff391205523408252ed2653d9 img.avia_image{\nbox-shadow:none;\n}\n.avia-image-container.av-judxrd57-c7caf1eff391205523408252ed2653d9 .av-image-caption-overlay-center{\ncolor:#ffffff;\n}\n<\/style>\n<div  class='avia-image-container av-judxrd57-c7caf1eff391205523408252ed2653d9 av-styling- avia-align-center  avia-builder-el-4  avia-builder-el-no-sibling '   itemprop=\"image\" itemscope=\"itemscope\" itemtype=\"https:\/\/schema.org\/ImageObject\" ><div class=\"avia-image-container-inner\"><div class=\"avia-image-overlay-wrap\"><img decoding=\"async\" fetchpriority=\"high\" class='wp-image-80 avia-img-lazy-loading-not-80 avia_image ' src=\"https:\/\/www.calarderiu.com\/wp-content\/uploads\/2019\/04\/MG_0871.jpg\" alt='Casa exterior' title='Casa exterior'  height=\"693\" width=\"1010\"  itemprop=\"thumbnailUrl\" srcset=\"https:\/\/www.calarderiu.com\/wp-content\/uploads\/2019\/04\/MG_0871.jpg 1010w, https:\/\/www.calarderiu.com\/wp-content\/uploads\/2019\/04\/MG_0871-300x206.jpg 300w, https:\/\/www.calarderiu.com\/wp-content\/uploads\/2019\/04\/MG_0871-768x527.jpg 768w, https:\/\/www.calarderiu.com\/wp-content\/uploads\/2019\/04\/MG_0871-705x484.jpg 705w, https:\/\/www.calarderiu.com\/wp-content\/uploads\/2019\/04\/MG_0871-450x309.jpg 450w\" sizes=\"(max-width: 1010px) 100vw, 1010px\" \/><\/div><\/div><\/div><\/div>\n<\/div><\/div><\/div><!-- close content main div --><\/div><\/div>\n<style type=\"text\/css\" data-created_by=\"avia_inline_auto\" id=\"style-css-av-jtzt2amc-e8e1bbedd0489c76388eb1f41a9a142e\">\n.avia-section.av-jtzt2amc-e8e1bbedd0489c76388eb1f41a9a142e{\nbackground-color:#3b3e47;\nbackground-image:unset;\n}\n<\/style>\n<div id='av_section_1'  class='avia-section av-jtzt2amc-e8e1bbedd0489c76388eb1f41a9a142e main_color avia-section-default avia-no-border-styling  avia-builder-el-5  el_after_av_one_half  el_before_av_section  avia-bg-style-scroll container_wrap fullsize'  ><div class='container av-section-cont-open' ><div class='template-page content  av-content-full alpha units'><div class='post-entry post-entry-type-page post-entry-456'><div class='entry-content-wrapper clearfix'>\n\n<style type=\"text\/css\" data-created_by=\"avia_inline_auto\" id=\"style-css-av-1xyam-aa007a1395a430893eaceff4efcd76af\">\n.flex_column.av-1xyam-aa007a1395a430893eaceff4efcd76af{\nborder-radius:0px 0px 0px 0px;\npadding:0px 0px 0px 0px;\n}\n<\/style>\n<div  class='flex_column av-1xyam-aa007a1395a430893eaceff4efcd76af av_one_third  avia-builder-el-6  el_before_av_one_third  avia-builder-el-first  first flex_column_div av-zero-column-padding  '     ><style type=\"text\/css\" data-created_by=\"avia_inline_auto\" id=\"style-css-av-jtzu85yj-1c3cf8096b0bc064810b35b39124720f\">\n.iconbox.av-jtzu85yj-1c3cf8096b0bc064810b35b39124720f .iconbox_icon{\nbackground-color:#3b3e47;\nborder:1px solid #ffffff;\ncolor:#ffffff;\n}\n.iconbox.av-jtzu85yj-1c3cf8096b0bc064810b35b39124720f .iconbox_icon.avia-svg-icon svg:first-child{\nfill:#ffffff;\nstroke:#ffffff;\n}\n#top #wrap_all .iconbox.av-jtzu85yj-1c3cf8096b0bc064810b35b39124720f .iconbox_content_title{\ncolor:#ffffff;\n}\n.iconbox.av-jtzu85yj-1c3cf8096b0bc064810b35b39124720f .iconbox_content_container{\ncolor:#ffffff;\n}\n<\/style>\n<article  class='iconbox iconbox_left_content av-jtzu85yj-1c3cf8096b0bc064810b35b39124720f  avia-builder-el-7  avia-builder-el-no-sibling '  itemscope=\"itemscope\" itemtype=\"https:\/\/schema.org\/CreativeWork\" ><div class='iconbox_icon heading-color avia-iconfont avia-font-cal-arderiu' data-av_icon='\ue800' data-av_iconfont='cal-arderiu'  ><\/div><div class=\"iconbox_content\"><header class=\"entry-content-header\" aria-label=\"Icon: CAPACIDAD 15 \u2013 25\"><h3 class='iconbox_content_title '  itemprop=\"headline\" >CAPACIDAD 15 \u2013 25<\/h3><\/header><div class='iconbox_content_container av_inherit_color'  itemprop=\"text\" ><p>Ideal pera grupos grandes, con una capacidad de 15 a 25 personas.<\/p>\n<\/div><\/div><footer class=\"entry-footer\"><\/footer><\/article><\/div>\n<style type=\"text\/css\" data-created_by=\"avia_inline_auto\" id=\"style-css-av-1eira-faf2520d38f273177ae1dd1c5d8a80d7\">\n.flex_column.av-1eira-faf2520d38f273177ae1dd1c5d8a80d7{\nborder-radius:0px 0px 0px 0px;\npadding:0px 0px 0px 0px;\n}\n<\/style>\n<div  class='flex_column av-1eira-faf2520d38f273177ae1dd1c5d8a80d7 av_one_third  avia-builder-el-8  el_after_av_one_third  el_before_av_one_third  flex_column_div av-zero-column-padding  '     ><style type=\"text\/css\" data-created_by=\"avia_inline_auto\" id=\"style-css-av-jtzu85yj-cdb63b7579aebabcec679040905fd508\">\n.iconbox.av-jtzu85yj-cdb63b7579aebabcec679040905fd508 .iconbox_icon{\nborder:1px solid #ffffff;\ncolor:#ffffff;\n}\n.iconbox.av-jtzu85yj-cdb63b7579aebabcec679040905fd508 .iconbox_icon.avia-svg-icon svg:first-child{\nfill:#ffffff;\nstroke:#ffffff;\n}\n#top #wrap_all .iconbox.av-jtzu85yj-cdb63b7579aebabcec679040905fd508 .iconbox_content_title{\ncolor:#ffffff;\n}\n.iconbox.av-jtzu85yj-cdb63b7579aebabcec679040905fd508 .iconbox_content_container{\ncolor:#ffffff;\n}\n<\/style>\n<article  class='iconbox iconbox_left_content av-jtzu85yj-cdb63b7579aebabcec679040905fd508  avia-builder-el-9  avia-builder-el-no-sibling '  itemscope=\"itemscope\" itemtype=\"https:\/\/schema.org\/CreativeWork\" ><div class='iconbox_icon heading-color avia-iconfont avia-font-cal-arderiu' data-av_icon='\uf236' data-av_iconfont='cal-arderiu'  ><\/div><div class=\"iconbox_content\"><header class=\"entry-content-header\" aria-label=\"Icon: 12 HABITACIONES\"><h3 class='iconbox_content_title '  itemprop=\"headline\" >12 HABITACIONES<\/h3><\/header><div class='iconbox_content_container av_inherit_color'  itemprop=\"text\" ><p>12 habitaciones dobles, con camas individuales y\/o de matrimonio. Todas ellas con ba\u00f1o propio.<\/p>\n<\/div><\/div><footer class=\"entry-footer\"><\/footer><\/article><\/div>\n<style type=\"text\/css\" data-created_by=\"avia_inline_auto\" id=\"style-css-av-1eira-faf2520d38f273177ae1dd1c5d8a80d7\">\n.flex_column.av-1eira-faf2520d38f273177ae1dd1c5d8a80d7{\nborder-radius:0px 0px 0px 0px;\npadding:0px 0px 0px 0px;\n}\n<\/style>\n<div  class='flex_column av-1eira-faf2520d38f273177ae1dd1c5d8a80d7 av_one_third  avia-builder-el-10  el_after_av_one_third  el_before_av_one_third  flex_column_div av-zero-column-padding  '     ><style type=\"text\/css\" data-created_by=\"avia_inline_auto\" id=\"style-css-av-jtzu85yj-54b2f06cf1c48784d098de551919ff4b\">\n.iconbox.av-jtzu85yj-54b2f06cf1c48784d098de551919ff4b .iconbox_icon{\nborder:1px solid #ffffff;\ncolor:#ffffff;\n}\n.iconbox.av-jtzu85yj-54b2f06cf1c48784d098de551919ff4b .iconbox_icon.avia-svg-icon svg:first-child{\nfill:#ffffff;\nstroke:#ffffff;\n}\n#top #wrap_all .iconbox.av-jtzu85yj-54b2f06cf1c48784d098de551919ff4b .iconbox_content_title{\ncolor:#ffffff;\n}\n.iconbox.av-jtzu85yj-54b2f06cf1c48784d098de551919ff4b .iconbox_content_container{\ncolor:#ffffff;\n}\n<\/style>\n<article  class='iconbox iconbox_left_content av-jtzu85yj-54b2f06cf1c48784d098de551919ff4b  avia-builder-el-11  avia-builder-el-no-sibling '  itemscope=\"itemscope\" itemtype=\"https:\/\/schema.org\/CreativeWork\" ><div class='iconbox_icon heading-color avia-iconfont avia-font-cal-arderiu' data-av_icon='\ue834' data-av_iconfont='cal-arderiu'  ><\/div><div class=\"iconbox_content\"><header class=\"entry-content-header\" aria-label=\"Icon: ZONA DE JUEGOS\"><h3 class='iconbox_content_title '  itemprop=\"headline\" >ZONA DE JUEGOS<\/h3><\/header><div class='iconbox_content_container av_inherit_color'  itemprop=\"text\" ><p>Sala para los ni\u00f1os muy espaciosa y sala con billar i ping-pong.<\/p>\n<\/div><\/div><footer class=\"entry-footer\"><\/footer><\/article><\/div>\n<style type=\"text\/css\" data-created_by=\"avia_inline_auto\" id=\"style-css-av-1eira-8cc0ae77aa06301385b4e7ec18154a55\">\n.flex_column.av-1eira-8cc0ae77aa06301385b4e7ec18154a55{\nborder-radius:0px 0px 0px 0px;\npadding:0px 0px 0px 0px;\n}\n<\/style>\n<div  class='flex_column av-1eira-8cc0ae77aa06301385b4e7ec18154a55 av_one_third  avia-builder-el-12  el_after_av_one_third  el_before_av_one_third  first flex_column_div av-zero-column-padding  column-top-margin'     ><style type=\"text\/css\" data-created_by=\"avia_inline_auto\" id=\"style-css-av-jtzu85yj-3bc96ad0788868b7e31ec4252535017b\">\n.iconbox.av-jtzu85yj-3bc96ad0788868b7e31ec4252535017b .iconbox_icon{\nborder:1px solid #ffffff;\ncolor:#ffffff;\n}\n.iconbox.av-jtzu85yj-3bc96ad0788868b7e31ec4252535017b .iconbox_icon.avia-svg-icon svg:first-child{\nfill:#ffffff;\nstroke:#ffffff;\n}\n#top #wrap_all .iconbox.av-jtzu85yj-3bc96ad0788868b7e31ec4252535017b .iconbox_content_title{\ncolor:#ffffff;\n}\n.iconbox.av-jtzu85yj-3bc96ad0788868b7e31ec4252535017b .iconbox_content_container{\ncolor:#ffffff;\n}\n<\/style>\n<article  class='iconbox iconbox_left_content av-jtzu85yj-3bc96ad0788868b7e31ec4252535017b  avia-builder-el-13  avia-builder-el-no-sibling '  itemscope=\"itemscope\" itemtype=\"https:\/\/schema.org\/CreativeWork\" ><div class='iconbox_icon heading-color avia-iconfont avia-font-cal-arderiu' data-av_icon='\uf1bb' data-av_iconfont='cal-arderiu'  ><\/div><div class=\"iconbox_content\"><header class=\"entry-content-header\" aria-label=\"Icon: EXTERIORES\"><h3 class='iconbox_content_title '  itemprop=\"headline\" >EXTERIORES<\/h3><\/header><div class='iconbox_content_container av_inherit_color'  itemprop=\"text\" ><p>Terrazas y patio exterior con jard\u00edn, barbacoa y mesa familiar.<\/p>\n<\/div><\/div><footer class=\"entry-footer\"><\/footer><\/article><\/div>\n<style type=\"text\/css\" data-created_by=\"avia_inline_auto\" id=\"style-css-av-1eira-faf2520d38f273177ae1dd1c5d8a80d7\">\n.flex_column.av-1eira-faf2520d38f273177ae1dd1c5d8a80d7{\nborder-radius:0px 0px 0px 0px;\npadding:0px 0px 0px 0px;\n}\n<\/style>\n<div  class='flex_column av-1eira-faf2520d38f273177ae1dd1c5d8a80d7 av_one_third  avia-builder-el-14  el_after_av_one_third  el_before_av_one_third  flex_column_div av-zero-column-padding  column-top-margin'     ><style type=\"text\/css\" data-created_by=\"avia_inline_auto\" id=\"style-css-av-jtzu85yj-9a4d6c4d7066b47bc12a16accf4c0a4e\">\n.iconbox.av-jtzu85yj-9a4d6c4d7066b47bc12a16accf4c0a4e .iconbox_icon{\nborder:1px solid #ffffff;\ncolor:#ffffff;\n}\n.iconbox.av-jtzu85yj-9a4d6c4d7066b47bc12a16accf4c0a4e .iconbox_icon.avia-svg-icon svg:first-child{\nfill:#ffffff;\nstroke:#ffffff;\n}\n#top #wrap_all .iconbox.av-jtzu85yj-9a4d6c4d7066b47bc12a16accf4c0a4e .iconbox_content_title{\ncolor:#ffffff;\n}\n.iconbox.av-jtzu85yj-9a4d6c4d7066b47bc12a16accf4c0a4e .iconbox_content_container{\ncolor:#ffffff;\n}\n<\/style>\n<article  class='iconbox iconbox_left_content av-jtzu85yj-9a4d6c4d7066b47bc12a16accf4c0a4e  avia-builder-el-15  avia-builder-el-no-sibling '  itemscope=\"itemscope\" itemtype=\"https:\/\/schema.org\/CreativeWork\" ><div class='iconbox_icon heading-color avia-iconfont avia-font-cal-arderiu' data-av_icon='\ue805' data-av_iconfont='cal-arderiu'  ><\/div><div class=\"iconbox_content\"><header class=\"entry-content-header\" aria-label=\"Icon: ACTIVIDADES\"><h3 class='iconbox_content_title '  itemprop=\"headline\" >ACTIVIDADES<\/h3><\/header><div class='iconbox_content_container av_inherit_color'  itemprop=\"text\" ><p>Turismo, gastronom\u00eda, senderismo, rutas de BTT, parques de aventura, actividades n\u00e1uticas y ecuestres, gu\u00edas de senderismo\u2026<\/p>\n<\/div><\/div><footer class=\"entry-footer\"><\/footer><\/article><\/div>\n<style type=\"text\/css\" data-created_by=\"avia_inline_auto\" id=\"style-css-av-1eira-faf2520d38f273177ae1dd1c5d8a80d7\">\n.flex_column.av-1eira-faf2520d38f273177ae1dd1c5d8a80d7{\nborder-radius:0px 0px 0px 0px;\npadding:0px 0px 0px 0px;\n}\n<\/style>\n<div  class='flex_column av-1eira-faf2520d38f273177ae1dd1c5d8a80d7 av_one_third  avia-builder-el-16  el_after_av_one_third  el_before_av_one_third  flex_column_div av-zero-column-padding  column-top-margin'     ><style type=\"text\/css\" data-created_by=\"avia_inline_auto\" id=\"style-css-av-jtzu85yj-22b36a615aa6d94d3b137a96a45bba17\">\n.iconbox.av-jtzu85yj-22b36a615aa6d94d3b137a96a45bba17 .iconbox_icon{\nborder:1px solid #ffffff;\ncolor:#ffffff;\n}\n.iconbox.av-jtzu85yj-22b36a615aa6d94d3b137a96a45bba17 .iconbox_icon.avia-svg-icon svg:first-child{\nfill:#ffffff;\nstroke:#ffffff;\n}\n#top #wrap_all .iconbox.av-jtzu85yj-22b36a615aa6d94d3b137a96a45bba17 .iconbox_content_title{\ncolor:#ffffff;\n}\n.iconbox.av-jtzu85yj-22b36a615aa6d94d3b137a96a45bba17 .iconbox_content_container{\ncolor:#ffffff;\n}\n<\/style>\n<article  class='iconbox iconbox_left_content av-jtzu85yj-22b36a615aa6d94d3b137a96a45bba17  avia-builder-el-17  avia-builder-el-no-sibling '  itemscope=\"itemscope\" itemtype=\"https:\/\/schema.org\/CreativeWork\" ><div class='iconbox_icon heading-color avia-iconfont avia-font-cal-arderiu' data-av_icon='\ue801' data-av_iconfont='cal-arderiu'  ><\/div><div class=\"iconbox_content\"><header class=\"entry-content-header\" aria-label=\"Icon: El pueblo\"><h3 class='iconbox_content_title '  itemprop=\"headline\" >El pueblo<\/h3><\/header><div class='iconbox_content_container av_inherit_color'  itemprop=\"text\" ><p>Pueblo muy tranquilo, rodeado de naturaleza y bien comunicado. Servicios b\u00e1sicos: tienda, bar y piscina municipal.<\/p>\n<\/div><\/div><footer class=\"entry-footer\"><\/footer><\/article><\/div>\n<style type=\"text\/css\" data-created_by=\"avia_inline_auto\" id=\"style-css-av-1eira-8cc0ae77aa06301385b4e7ec18154a55\">\n.flex_column.av-1eira-8cc0ae77aa06301385b4e7ec18154a55{\nborder-radius:0px 0px 0px 0px;\npadding:0px 0px 0px 0px;\n}\n<\/style>\n<div  class='flex_column av-1eira-8cc0ae77aa06301385b4e7ec18154a55 av_one_third  avia-builder-el-18  el_after_av_one_third  avia-builder-el-last  first flex_column_div av-zero-column-padding  column-top-margin'     ><\/div><\/div><\/div><\/div><!-- close content main div --><\/div><\/div>\n<style type=\"text\/css\" data-created_by=\"avia_inline_auto\" id=\"style-css-av-jtzt2amc-eb8dfa3ce8af69eff4ba1be08074bb7e\">\n.avia-section.av-jtzt2amc-eb8dfa3ce8af69eff4ba1be08074bb7e{\nbackground-color:#fafafa;\nbackground-image:unset;\n}\n<\/style>\n<div id='av_section_2'  class='avia-section av-jtzt2amc-eb8dfa3ce8af69eff4ba1be08074bb7e main_color avia-section-default avia-no-border-styling  avia-builder-el-19  el_after_av_section  el_before_av_section  avia-bg-style-scroll container_wrap fullsize'  ><div class='container av-section-cont-open' ><div class='template-page content  av-content-full alpha units'><div class='post-entry post-entry-type-page post-entry-456'><div class='entry-content-wrapper clearfix'>\n\n<style type=\"text\/css\" data-created_by=\"avia_inline_auto\" id=\"style-css-av-8ct20-3fc4bc39c8036e0627a685329e78932c\">\n#top .av-special-heading.av-8ct20-3fc4bc39c8036e0627a685329e78932c{\npadding-bottom:10px;\n}\nbody .av-special-heading.av-8ct20-3fc4bc39c8036e0627a685329e78932c .av-special-heading-tag .heading-char{\nfont-size:25px;\n}\n.av-special-heading.av-8ct20-3fc4bc39c8036e0627a685329e78932c .av-subheading{\nfont-size:15px;\n}\n<\/style>\n<div  class='av-special-heading av-8ct20-3fc4bc39c8036e0627a685329e78932c av-special-heading-h2 blockquote modern-quote modern-centered  avia-builder-el-20  el_before_av_blog  avia-builder-el-first '><h2 class='av-special-heading-tag '  itemprop=\"headline\"  >Noticias<\/h2><div class=\"special-heading-border\"><div class=\"special-heading-inner-border\"><\/div><\/div><\/div>\n<div  data-slideshow-options=\"{&quot;animation&quot;:&quot;fade&quot;,&quot;autoplay&quot;:false,&quot;loop_autoplay&quot;:&quot;once&quot;,&quot;interval&quot;:5,&quot;loop_manual&quot;:&quot;manual-endless&quot;,&quot;autoplay_stopper&quot;:false,&quot;noNavigation&quot;:false,&quot;show_slide_delay&quot;:90}\" class='avia-content-slider avia-content-grid-active avia-content-slider1 avia-content-slider-odd  avia-builder-el-21  el_after_av_heading  avia-builder-el-last  av-slideshow-ui av-control-default   av-no-slider-navigation av-slideshow-manual av-loop-once av-loop-manual-endless '  itemscope=\"itemscope\" itemtype=\"https:\/\/schema.org\/Blog\" ><div class=\"avia-content-slider-inner\"><div class=\"slide-entry-wrap\"><article class='slide-entry flex_column  post-entry post-entry-1002 slide-entry-overview slide-loop-1 slide-parity-odd  av_one_third first real-thumbnail posttype-post post-format-standard'  itemscope=\"itemscope\" itemtype=\"https:\/\/schema.org\/CreativeWork\" ><a href='https:\/\/www.calarderiu.com\/es\/marcha-popular\/' data-rel='slide-1' class='slide-image' title='MARCHA POPULAR'><img decoding=\"async\" fetchpriority=\"high\" width=\"845\" height=\"321\" src=\"https:\/\/www.calarderiu.com\/wp-content\/uploads\/2019\/07\/WhatsApp-Image-2019-07-17-at-16.53.13-845x321.jpeg\" class=\"wp-image-937 avia-img-lazy-loading-not-937 attachment-entry_with_sidebar size-entry_with_sidebar wp-post-image\" alt=\"caminada Pedraforca\" \/><\/a><div class=\"slide-content\"><header class=\"entry-content-header\" aria-label=\"Slide: MARCHA POPULAR\"><h3 class='slide-entry-title entry-title '  itemprop=\"headline\" ><a href='https:\/\/www.calarderiu.com\/es\/marcha-popular\/' title='MARCHA POPULAR'>MARCHA POPULAR<\/a><\/h3><span class=\"blog-categories minor-meta\"><a href=\"https:\/\/www.calarderiu.com\/es\/category\/noticies-es\/\" rel=\"tag\">Not\u00edcies<\/a> <\/span><span class=\"av-vertical-delimiter\"><\/span><\/header><div class='slide-entry-excerpt entry-content'  itemprop=\"text\" >Ya tenemos aqu\u00ed la XVI edici\u00f3n de la marcha popular de Sant Juli\u00e0 de Cerdanyola. Res\u00e9rvate el pr\u00f3ximo d\u00eda 28 de julio para pasar una ma\u00f1ana de lujo en un entorno privilegiado.<\/div><\/div><footer class=\"entry-footer\"><div class=\"slide-meta\"><time class='slide-meta-time updated'  itemprop=\"datePublished\" datetime=\"2019-07-25T17:37:50+00:00\" >25 de julio de 2019<\/time><\/div><\/footer><span class='hidden'>\n\t\t\t\t<span class='av-structured-data'  itemprop=\"image\" itemscope=\"itemscope\" itemtype=\"https:\/\/schema.org\/ImageObject\" >\n\t\t\t\t\t\t<span itemprop='url'>https:\/\/www.calarderiu.com\/wp-content\/uploads\/2019\/07\/WhatsApp-Image-2019-07-17-at-16.53.13.jpeg<\/span>\n\t\t\t\t\t\t<span itemprop='height'>1200<\/span>\n\t\t\t\t\t\t<span itemprop='width'>1600<\/span>\n\t\t\t\t<\/span>\n\t\t\t\t<span class='av-structured-data'  itemprop=\"publisher\" itemtype=\"https:\/\/schema.org\/Organization\" itemscope=\"itemscope\" >\n\t\t\t\t\t\t<span itemprop='name'>Cal Arderiu<\/span>\n\t\t\t\t\t\t<span itemprop='logo' itemscope itemtype='https:\/\/schema.org\/ImageObject'>\n\t\t\t\t\t\t\t<span itemprop='url'>https:\/\/www.calarderiu.com\/wp-content\/uploads\/2019\/04\/logo-2-300x84.png<\/span>\n\t\t\t\t\t\t<\/span>\n\t\t\t\t<\/span><span class='av-structured-data'  itemprop=\"author\" itemscope=\"itemscope\" itemtype=\"https:\/\/schema.org\/Person\" ><span itemprop='name'>Cal Arderiu<\/span><\/span><span class='av-structured-data'  itemprop=\"datePublished\" datetime=\"2019-05-06T09:20:44+00:00\" >2019-07-25 17:37:50<\/span><span class='av-structured-data'  itemprop=\"dateModified\" itemtype=\"https:\/\/schema.org\/dateModified\" >2019-07-25 17:37:50<\/span><span class='av-structured-data'  itemprop=\"mainEntityOfPage\" itemtype=\"https:\/\/schema.org\/mainEntityOfPage\" ><span itemprop='name'>MARCHA POPULAR<\/span><\/span><\/span><\/article><article class='slide-entry flex_column  post-entry post-entry-756 slide-entry-overview slide-loop-2 slide-parity-even  post-entry-last  av_one_third  real-thumbnail posttype-post post-format-standard'  itemscope=\"itemscope\" itemtype=\"https:\/\/schema.org\/CreativeWork\" ><a href='https:\/\/www.calarderiu.com\/es\/gran-cadi-challenge\/' data-rel='slide-1' class='slide-image' title='GRAN CAD\u00cd CHALLENGE'><img decoding=\"async\" fetchpriority=\"high\" width=\"845\" height=\"321\" src=\"https:\/\/www.calarderiu.com\/wp-content\/uploads\/2019\/05\/prat_cadi-3-845x321.jpg\" class=\"wp-image-894 avia-img-lazy-loading-not-894 attachment-entry_with_sidebar size-entry_with_sidebar wp-post-image\" alt=\"Prat de Cad\u00ed\" \/><\/a><div class=\"slide-content\"><header class=\"entry-content-header\" aria-label=\"Slide: GRAN CAD\u00cd CHALLENGE\"><h3 class='slide-entry-title entry-title '  itemprop=\"headline\" ><a href='https:\/\/www.calarderiu.com\/es\/gran-cadi-challenge\/' title='GRAN CAD\u00cd CHALLENGE'>GRAN CAD\u00cd CHALLENGE<\/a><\/h3><span class=\"blog-categories minor-meta\"><a href=\"https:\/\/www.calarderiu.com\/es\/category\/noticies-es\/\" rel=\"tag\">Not\u00edcies<\/a> <\/span><span class=\"av-vertical-delimiter\"><\/span><\/header><div class='slide-entry-excerpt entry-content'  itemprop=\"text\" >Ya est\u00e1 aqu\u00ed la cicloturista del Parque Natural del Cad\u00ed Moixer\u00f3. \u00bfTe la vas a perder? Reserva el pr\u00f3ximo fin de semana 8-9 de junio para correr la Gran Cad\u00ed Challenge.<\/div><\/div><footer class=\"entry-footer\"><div class=\"slide-meta\"><time class='slide-meta-time updated'  itemprop=\"datePublished\" datetime=\"2019-05-20T11:06:33+00:00\" >20 de mayo de 2019<\/time><\/div><\/footer><span class='hidden'>\n\t\t\t\t<span class='av-structured-data'  itemprop=\"image\" itemscope=\"itemscope\" itemtype=\"https:\/\/schema.org\/ImageObject\" >\n\t\t\t\t\t\t<span itemprop='url'>https:\/\/www.calarderiu.com\/wp-content\/uploads\/2019\/05\/prat_cadi-3.jpg<\/span>\n\t\t\t\t\t\t<span itemprop='height'>3456<\/span>\n\t\t\t\t\t\t<span itemprop='width'>4608<\/span>\n\t\t\t\t<\/span>\n\t\t\t\t<span class='av-structured-data'  itemprop=\"publisher\" itemtype=\"https:\/\/schema.org\/Organization\" itemscope=\"itemscope\" >\n\t\t\t\t\t\t<span itemprop='name'>Cal Arderiu<\/span>\n\t\t\t\t\t\t<span itemprop='logo' itemscope itemtype='https:\/\/schema.org\/ImageObject'>\n\t\t\t\t\t\t\t<span itemprop='url'>https:\/\/www.calarderiu.com\/wp-content\/uploads\/2019\/04\/logo-2-300x84.png<\/span>\n\t\t\t\t\t\t<\/span>\n\t\t\t\t<\/span><span class='av-structured-data'  itemprop=\"author\" itemscope=\"itemscope\" itemtype=\"https:\/\/schema.org\/Person\" ><span itemprop='name'>Cal Arderiu<\/span><\/span><span class='av-structured-data'  itemprop=\"datePublished\" datetime=\"2019-05-06T09:20:44+00:00\" >2019-05-20 11:06:33<\/span><span class='av-structured-data'  itemprop=\"dateModified\" itemtype=\"https:\/\/schema.org\/dateModified\" >2019-05-23 15:38:20<\/span><span class='av-structured-data'  itemprop=\"mainEntityOfPage\" itemtype=\"https:\/\/schema.org\/mainEntityOfPage\" ><span itemprop='name'>GRAN CAD\u00cd CHALLENGE<\/span><\/span><\/span><\/article><\/div><\/div><\/div>\n<\/p>\n<\/div><\/div><\/div><!-- close content main div --><\/div><\/div><div id='av_section_3'  class='avia-section av-jtzt2amc-a1b04d52613e4161f4ce005b042b3937 main_color avia-section-default avia-no-border-styling  avia-builder-el-22  el_after_av_section  el_before_av_google_map  avia-bg-style-scroll container_wrap fullsize'  ><div class='container av-section-cont-open' ><div class='template-page content  av-content-full alpha units'><div class='post-entry post-entry-type-page post-entry-456'><div class='entry-content-wrapper clearfix'>\n\n<style type=\"text\/css\" data-created_by=\"avia_inline_auto\" id=\"style-css-av-ju0w2t8n-0cf9f6fccaa72f0f27eb07a3af217f76\">\n#top .avia-gallery.av-ju0w2t8n-0cf9f6fccaa72f0f27eb07a3af217f76 .avia-gallery-thumb a{\nwidth:25%;\n}\n<\/style>\n<div  class='avia-gallery av-ju0w2t8n-0cf9f6fccaa72f0f27eb07a3af217f76 avia_animate_when_visible  avia-builder-el-23  avia-builder-el-no-sibling  avia_lazyload avia-gallery-animate avia-gallery-1'  itemprop=\"image\" itemscope=\"itemscope\" itemtype=\"https:\/\/schema.org\/ImageObject\" ><meta itemprop=\"contentURL\" content=\"https:\/\/www.calarderiu.com\/es\/\"><div class='avia-gallery-thumb'><a href=\"https:\/\/www.calarderiu.com\/wp-content\/uploads\/2019\/04\/MG_0871.jpg\" data-srcset=\"https:\/\/www.calarderiu.com\/wp-content\/uploads\/2019\/04\/MG_0871.jpg 1010w, https:\/\/www.calarderiu.com\/wp-content\/uploads\/2019\/04\/MG_0871-300x206.jpg 300w, https:\/\/www.calarderiu.com\/wp-content\/uploads\/2019\/04\/MG_0871-768x527.jpg 768w, https:\/\/www.calarderiu.com\/wp-content\/uploads\/2019\/04\/MG_0871-705x484.jpg 705w, https:\/\/www.calarderiu.com\/wp-content\/uploads\/2019\/04\/MG_0871-450x309.jpg 450w\" data-sizes=\"(max-width: 1010px) 100vw, 1010px\" data-rel='gallery-1' data-prev-img='https:\/\/www.calarderiu.com\/wp-content\/uploads\/2019\/04\/MG_0871-495x400.jpg' class='first_thumb lightbox ' data-onclick='1' title='Casa exterior'  itemprop=\"thumbnailUrl\"  ><img decoding=\"async\" fetchpriority=\"high\" class=\"wp-image-80 avia-img-lazy-loading-not-80\"  data-avia-tooltip='Casa exterior' src=\"https:\/\/www.calarderiu.com\/wp-content\/uploads\/2019\/04\/MG_0871-495x400.jpg\" width=\"495\" height=\"400\"  title='Casa exterior' alt='Casa exterior' srcset=\"https:\/\/www.calarderiu.com\/wp-content\/uploads\/2019\/04\/MG_0871-495x400.jpg 495w, https:\/\/www.calarderiu.com\/wp-content\/uploads\/2019\/04\/MG_0871-845x684.jpg 845w\" sizes=\"(max-width: 495px) 100vw, 495px\" \/><div class='big-prev-fake'><img decoding=\"async\" loading=\"lazy\" class=\"wp-image-80 avia-img-lazy-loading-80\"  width=\"495\" height=\"400\" src=\"https:\/\/www.calarderiu.com\/wp-content\/uploads\/2019\/04\/MG_0871-495x400.jpg\" title='Casa exterior' alt='Casa exterior' srcset=\"https:\/\/www.calarderiu.com\/wp-content\/uploads\/2019\/04\/MG_0871-495x400.jpg 495w, https:\/\/www.calarderiu.com\/wp-content\/uploads\/2019\/04\/MG_0871-845x684.jpg 845w\" sizes=\"auto, (max-width: 495px) 100vw, 495px\" \/><\/div><\/a><a href=\"https:\/\/www.calarderiu.com\/wp-content\/uploads\/2019\/04\/MG_0860.jpg\" data-srcset=\"https:\/\/www.calarderiu.com\/wp-content\/uploads\/2019\/04\/MG_0860.jpg 880w, https:\/\/www.calarderiu.com\/wp-content\/uploads\/2019\/04\/MG_0860-300x259.jpg 300w, https:\/\/www.calarderiu.com\/wp-content\/uploads\/2019\/04\/MG_0860-768x662.jpg 768w, https:\/\/www.calarderiu.com\/wp-content\/uploads\/2019\/04\/MG_0860-705x608.jpg 705w, https:\/\/www.calarderiu.com\/wp-content\/uploads\/2019\/04\/MG_0860-450x388.jpg 450w\" data-sizes=\"(max-width: 880px) 100vw, 880px\" data-rel='gallery-1' data-prev-img='https:\/\/www.calarderiu.com\/wp-content\/uploads\/2019\/04\/MG_0860-495x400.jpg' class='lightbox ' data-onclick='2' title='Casa exterior'  itemprop=\"thumbnailUrl\"  ><img decoding=\"async\" fetchpriority=\"high\" class=\"wp-image-76 avia-img-lazy-loading-not-76\"  data-avia-tooltip='Casa exterior' src=\"https:\/\/www.calarderiu.com\/wp-content\/uploads\/2019\/04\/MG_0860-495x400.jpg\" width=\"495\" height=\"400\"  title='Casa exterior' alt='Casa exterior' srcset=\"https:\/\/www.calarderiu.com\/wp-content\/uploads\/2019\/04\/MG_0860-495x400.jpg 495w, https:\/\/www.calarderiu.com\/wp-content\/uploads\/2019\/04\/MG_0860-845x684.jpg 845w\" sizes=\"(max-width: 495px) 100vw, 495px\" \/><div class='big-prev-fake'><img decoding=\"async\" loading=\"lazy\" class=\"wp-image-76 avia-img-lazy-loading-76\"  width=\"495\" height=\"400\" src=\"https:\/\/www.calarderiu.com\/wp-content\/uploads\/2019\/04\/MG_0860-495x400.jpg\" title='Casa exterior' alt='Casa exterior' srcset=\"https:\/\/www.calarderiu.com\/wp-content\/uploads\/2019\/04\/MG_0860-495x400.jpg 495w, https:\/\/www.calarderiu.com\/wp-content\/uploads\/2019\/04\/MG_0860-845x684.jpg 845w\" sizes=\"auto, (max-width: 495px) 100vw, 495px\" \/><\/div><\/a><a href=\"https:\/\/www.calarderiu.com\/wp-content\/uploads\/2019\/04\/IMG_1080-1030x687.jpg\" data-srcset=\"https:\/\/www.calarderiu.com\/wp-content\/uploads\/2019\/04\/IMG_1080-1030x687.jpg 1030w, https:\/\/www.calarderiu.com\/wp-content\/uploads\/2019\/04\/IMG_1080-300x200.jpg 300w, https:\/\/www.calarderiu.com\/wp-content\/uploads\/2019\/04\/IMG_1080-768x512.jpg 768w, https:\/\/www.calarderiu.com\/wp-content\/uploads\/2019\/04\/IMG_1080-1500x1000.jpg 1500w, https:\/\/www.calarderiu.com\/wp-content\/uploads\/2019\/04\/IMG_1080-705x470.jpg 705w, https:\/\/www.calarderiu.com\/wp-content\/uploads\/2019\/04\/IMG_1080-450x300.jpg 450w\" data-sizes=\"(max-width: 1030px) 100vw, 1030px\" data-rel='gallery-1' data-prev-img='https:\/\/www.calarderiu.com\/wp-content\/uploads\/2019\/04\/IMG_1080-495x400.jpg' class='lightbox ' data-onclick='3' title='Cuina'  itemprop=\"thumbnailUrl\"  ><img decoding=\"async\" fetchpriority=\"high\" class=\"wp-image-97 avia-img-lazy-loading-not-97\"  data-avia-tooltip='Cuina' src=\"https:\/\/www.calarderiu.com\/wp-content\/uploads\/2019\/04\/IMG_1080-495x400.jpg\" width=\"495\" height=\"400\"  title='Cuina' alt='Cuina' srcset=\"https:\/\/www.calarderiu.com\/wp-content\/uploads\/2019\/04\/IMG_1080-495x400.jpg 495w, https:\/\/www.calarderiu.com\/wp-content\/uploads\/2019\/04\/IMG_1080-845x684.jpg 845w\" sizes=\"(max-width: 495px) 100vw, 495px\" \/><div class='big-prev-fake'><img decoding=\"async\" loading=\"lazy\" class=\"wp-image-97 avia-img-lazy-loading-97\"  width=\"495\" height=\"400\" src=\"https:\/\/www.calarderiu.com\/wp-content\/uploads\/2019\/04\/IMG_1080-495x400.jpg\" title='Cuina' alt='Cuina' srcset=\"https:\/\/www.calarderiu.com\/wp-content\/uploads\/2019\/04\/IMG_1080-495x400.jpg 495w, https:\/\/www.calarderiu.com\/wp-content\/uploads\/2019\/04\/IMG_1080-845x684.jpg 845w\" sizes=\"auto, (max-width: 495px) 100vw, 495px\" \/><\/div><\/a><a href=\"https:\/\/www.calarderiu.com\/wp-content\/uploads\/2019\/04\/JRA_9709-1030x684.jpg\" data-srcset=\"https:\/\/www.calarderiu.com\/wp-content\/uploads\/2019\/04\/JRA_9709-1030x684.jpg 1030w, https:\/\/www.calarderiu.com\/wp-content\/uploads\/2019\/04\/JRA_9709-300x199.jpg 300w, https:\/\/www.calarderiu.com\/wp-content\/uploads\/2019\/04\/JRA_9709-768x510.jpg 768w, https:\/\/www.calarderiu.com\/wp-content\/uploads\/2019\/04\/JRA_9709-1500x996.jpg 1500w, https:\/\/www.calarderiu.com\/wp-content\/uploads\/2019\/04\/JRA_9709-705x468.jpg 705w, https:\/\/www.calarderiu.com\/wp-content\/uploads\/2019\/04\/JRA_9709-450x299.jpg 450w\" data-sizes=\"(max-width: 1030px) 100vw, 1030px\" data-rel='gallery-1' data-prev-img='https:\/\/www.calarderiu.com\/wp-content\/uploads\/2019\/04\/JRA_9709-495x400.jpg' class='lightbox ' data-onclick='4' title='Sala de Jocs Billar'  itemprop=\"thumbnailUrl\"  ><img decoding=\"async\" fetchpriority=\"high\" class=\"wp-image-208 avia-img-lazy-loading-not-208\"  data-avia-tooltip='Sala de Jocs Billar' src=\"https:\/\/www.calarderiu.com\/wp-content\/uploads\/2019\/04\/JRA_9709-495x400.jpg\" width=\"495\" height=\"400\"  title='Sala de Jocs Billar' alt='Sala de Jocs Billar' srcset=\"https:\/\/www.calarderiu.com\/wp-content\/uploads\/2019\/04\/JRA_9709-495x400.jpg 495w, https:\/\/www.calarderiu.com\/wp-content\/uploads\/2019\/04\/JRA_9709-845x684.jpg 845w\" sizes=\"(max-width: 495px) 100vw, 495px\" \/><div class='big-prev-fake'><img decoding=\"async\" loading=\"lazy\" class=\"wp-image-208 avia-img-lazy-loading-208\"  width=\"495\" height=\"400\" src=\"https:\/\/www.calarderiu.com\/wp-content\/uploads\/2019\/04\/JRA_9709-495x400.jpg\" title='Sala de Jocs Billar' alt='Sala de Jocs Billar' srcset=\"https:\/\/www.calarderiu.com\/wp-content\/uploads\/2019\/04\/JRA_9709-495x400.jpg 495w, https:\/\/www.calarderiu.com\/wp-content\/uploads\/2019\/04\/JRA_9709-845x684.jpg 845w\" sizes=\"auto, (max-width: 495px) 100vw, 495px\" \/><\/div><\/a><a href=\"https:\/\/www.calarderiu.com\/wp-content\/uploads\/2019\/04\/7-1030x682.jpg\" data-srcset=\"https:\/\/www.calarderiu.com\/wp-content\/uploads\/2019\/04\/7-1030x682.jpg 1030w, https:\/\/www.calarderiu.com\/wp-content\/uploads\/2019\/04\/7-300x199.jpg 300w, https:\/\/www.calarderiu.com\/wp-content\/uploads\/2019\/04\/7-768x509.jpg 768w, https:\/\/www.calarderiu.com\/wp-content\/uploads\/2019\/04\/7-1500x994.jpg 1500w, https:\/\/www.calarderiu.com\/wp-content\/uploads\/2019\/04\/7-705x467.jpg 705w, https:\/\/www.calarderiu.com\/wp-content\/uploads\/2019\/04\/7-450x298.jpg 450w\" data-sizes=\"(max-width: 1030px) 100vw, 1030px\" data-rel='gallery-1' data-prev-img='https:\/\/www.calarderiu.com\/wp-content\/uploads\/2019\/04\/7-495x400.jpg' class='first_thumb lightbox ' data-onclick='5' title='Jard\u00ed'  itemprop=\"thumbnailUrl\"  ><img decoding=\"async\" fetchpriority=\"high\" class=\"wp-image-166 avia-img-lazy-loading-not-166\"  data-avia-tooltip='Jard\u00ed' src=\"https:\/\/www.calarderiu.com\/wp-content\/uploads\/2019\/04\/7-495x400.jpg\" width=\"495\" height=\"400\"  title='Jard\u00ed' alt='Jard\u00ed' srcset=\"https:\/\/www.calarderiu.com\/wp-content\/uploads\/2019\/04\/7-495x400.jpg 495w, https:\/\/www.calarderiu.com\/wp-content\/uploads\/2019\/04\/7-845x684.jpg 845w\" sizes=\"(max-width: 495px) 100vw, 495px\" \/><div class='big-prev-fake'><img decoding=\"async\" loading=\"lazy\" class=\"wp-image-166 avia-img-lazy-loading-166\"  width=\"495\" height=\"400\" src=\"https:\/\/www.calarderiu.com\/wp-content\/uploads\/2019\/04\/7-495x400.jpg\" title='Jard\u00ed' alt='Jard\u00ed' srcset=\"https:\/\/www.calarderiu.com\/wp-content\/uploads\/2019\/04\/7-495x400.jpg 495w, https:\/\/www.calarderiu.com\/wp-content\/uploads\/2019\/04\/7-845x684.jpg 845w\" sizes=\"auto, (max-width: 495px) 100vw, 495px\" \/><\/div><\/a><a href=\"https:\/\/www.calarderiu.com\/wp-content\/uploads\/2019\/04\/IMG_1090-1030x687.jpg\" data-srcset=\"https:\/\/www.calarderiu.com\/wp-content\/uploads\/2019\/04\/IMG_1090-1030x687.jpg 1030w, https:\/\/www.calarderiu.com\/wp-content\/uploads\/2019\/04\/IMG_1090-300x200.jpg 300w, https:\/\/www.calarderiu.com\/wp-content\/uploads\/2019\/04\/IMG_1090-768x512.jpg 768w, https:\/\/www.calarderiu.com\/wp-content\/uploads\/2019\/04\/IMG_1090-1500x1000.jpg 1500w, https:\/\/www.calarderiu.com\/wp-content\/uploads\/2019\/04\/IMG_1090-705x470.jpg 705w, https:\/\/www.calarderiu.com\/wp-content\/uploads\/2019\/04\/IMG_1090-450x300.jpg 450w\" data-sizes=\"(max-width: 1030px) 100vw, 1030px\" data-rel='gallery-1' data-prev-img='https:\/\/www.calarderiu.com\/wp-content\/uploads\/2019\/04\/IMG_1090-495x400.jpg' class='lightbox ' data-onclick='6' title='Terrassa primera planta'  itemprop=\"thumbnailUrl\"  ><img decoding=\"async\" fetchpriority=\"high\" class=\"wp-image-81 avia-img-lazy-loading-not-81\"  data-avia-tooltip='Terrassa primera planta' src=\"https:\/\/www.calarderiu.com\/wp-content\/uploads\/2019\/04\/IMG_1090-495x400.jpg\" width=\"495\" height=\"400\"  title='Terrassa primera planta' alt='Terrassa primera planta' srcset=\"https:\/\/www.calarderiu.com\/wp-content\/uploads\/2019\/04\/IMG_1090-495x400.jpg 495w, https:\/\/www.calarderiu.com\/wp-content\/uploads\/2019\/04\/IMG_1090-845x684.jpg 845w\" sizes=\"(max-width: 495px) 100vw, 495px\" \/><div class='big-prev-fake'><img decoding=\"async\" loading=\"lazy\" class=\"wp-image-81 avia-img-lazy-loading-81\"  width=\"495\" height=\"400\" src=\"https:\/\/www.calarderiu.com\/wp-content\/uploads\/2019\/04\/IMG_1090-495x400.jpg\" title='Terrassa primera planta' alt='Terrassa primera planta' srcset=\"https:\/\/www.calarderiu.com\/wp-content\/uploads\/2019\/04\/IMG_1090-495x400.jpg 495w, https:\/\/www.calarderiu.com\/wp-content\/uploads\/2019\/04\/IMG_1090-845x684.jpg 845w\" sizes=\"auto, (max-width: 495px) 100vw, 495px\" \/><\/div><\/a><a href=\"https:\/\/www.calarderiu.com\/wp-content\/uploads\/2019\/04\/DSC_0166_2065-1030x682.jpg\" data-srcset=\"https:\/\/www.calarderiu.com\/wp-content\/uploads\/2019\/04\/DSC_0166_2065-1030x682.jpg 1030w, https:\/\/www.calarderiu.com\/wp-content\/uploads\/2019\/04\/DSC_0166_2065-300x199.jpg 300w, https:\/\/www.calarderiu.com\/wp-content\/uploads\/2019\/04\/DSC_0166_2065-768x509.jpg 768w, https:\/\/www.calarderiu.com\/wp-content\/uploads\/2019\/04\/DSC_0166_2065-1500x994.jpg 1500w, https:\/\/www.calarderiu.com\/wp-content\/uploads\/2019\/04\/DSC_0166_2065-705x467.jpg 705w, https:\/\/www.calarderiu.com\/wp-content\/uploads\/2019\/04\/DSC_0166_2065-450x298.jpg 450w\" data-sizes=\"(max-width: 1030px) 100vw, 1030px\" data-rel='gallery-1' data-prev-img='https:\/\/www.calarderiu.com\/wp-content\/uploads\/2019\/04\/DSC_0166_2065-495x400.jpg' class='lightbox ' data-onclick='7' title='Jocs de la ludoteca'  itemprop=\"thumbnailUrl\"  ><img decoding=\"async\" fetchpriority=\"high\" class=\"wp-image-194 avia-img-lazy-loading-not-194\"  data-avia-tooltip='Jocs de la ludoteca' src=\"https:\/\/www.calarderiu.com\/wp-content\/uploads\/2019\/04\/DSC_0166_2065-495x400.jpg\" width=\"495\" height=\"400\"  title='Jocs de la ludoteca' alt='Jocs de la ludoteca' srcset=\"https:\/\/www.calarderiu.com\/wp-content\/uploads\/2019\/04\/DSC_0166_2065-495x400.jpg 495w, https:\/\/www.calarderiu.com\/wp-content\/uploads\/2019\/04\/DSC_0166_2065-845x684.jpg 845w\" sizes=\"(max-width: 495px) 100vw, 495px\" \/><div class='big-prev-fake'><img decoding=\"async\" loading=\"lazy\" class=\"wp-image-194 avia-img-lazy-loading-194\"  width=\"495\" height=\"400\" src=\"https:\/\/www.calarderiu.com\/wp-content\/uploads\/2019\/04\/DSC_0166_2065-495x400.jpg\" title='Jocs de la ludoteca' alt='Jocs de la ludoteca' srcset=\"https:\/\/www.calarderiu.com\/wp-content\/uploads\/2019\/04\/DSC_0166_2065-495x400.jpg 495w, https:\/\/www.calarderiu.com\/wp-content\/uploads\/2019\/04\/DSC_0166_2065-845x684.jpg 845w\" sizes=\"auto, (max-width: 495px) 100vw, 495px\" \/><\/div><\/a><a href=\"https:\/\/www.calarderiu.com\/wp-content\/uploads\/2019\/04\/Fulleracs-1030x773.jpg\" data-srcset=\"https:\/\/www.calarderiu.com\/wp-content\/uploads\/2019\/04\/Fulleracs-1030x773.jpg 1030w, https:\/\/www.calarderiu.com\/wp-content\/uploads\/2019\/04\/Fulleracs-300x225.jpg 300w, https:\/\/www.calarderiu.com\/wp-content\/uploads\/2019\/04\/Fulleracs-768x576.jpg 768w, https:\/\/www.calarderiu.com\/wp-content\/uploads\/2019\/04\/Fulleracs-1500x1125.jpg 1500w, https:\/\/www.calarderiu.com\/wp-content\/uploads\/2019\/04\/Fulleracs-705x529.jpg 705w, https:\/\/www.calarderiu.com\/wp-content\/uploads\/2019\/04\/Fulleracs-450x338.jpg 450w, https:\/\/www.calarderiu.com\/wp-content\/uploads\/2019\/04\/Fulleracs.jpg 1600w\" data-sizes=\"(max-width: 1030px) 100vw, 1030px\" data-rel='gallery-1' data-prev-img='https:\/\/www.calarderiu.com\/wp-content\/uploads\/2019\/04\/Fulleracs-495x400.jpg' class='lightbox ' data-onclick='8' title='Vistes d&#8217;Ensija, el Pedraforca i el Cad\u00ed'  itemprop=\"thumbnailUrl\"  ><img decoding=\"async\" fetchpriority=\"high\" class=\"wp-image-139 avia-img-lazy-loading-not-139\"  data-avia-tooltip='Vistes d&#8217;Ensija, el Pedraforca i el Cad\u00ed' src=\"https:\/\/www.calarderiu.com\/wp-content\/uploads\/2019\/04\/Fulleracs-495x400.jpg\" width=\"495\" height=\"400\"  title='Vistes d&#039;Ensija, el Pedraforca i el Cad\u00ed' alt='Vistes d&#039;Ensija, el Pedraforca i el Cad\u00ed' srcset=\"https:\/\/www.calarderiu.com\/wp-content\/uploads\/2019\/04\/Fulleracs-495x400.jpg 495w, https:\/\/www.calarderiu.com\/wp-content\/uploads\/2019\/04\/Fulleracs-845x684.jpg 845w\" sizes=\"(max-width: 495px) 100vw, 495px\" \/><div class='big-prev-fake'><img decoding=\"async\" loading=\"lazy\" class=\"wp-image-139 avia-img-lazy-loading-139\"  width=\"495\" height=\"400\" src=\"https:\/\/www.calarderiu.com\/wp-content\/uploads\/2019\/04\/Fulleracs-495x400.jpg\" title='Vistes d&#039;Ensija, el Pedraforca i el Cad\u00ed' alt='Vistes d&#039;Ensija, el Pedraforca i el Cad\u00ed' srcset=\"https:\/\/www.calarderiu.com\/wp-content\/uploads\/2019\/04\/Fulleracs-495x400.jpg 495w, https:\/\/www.calarderiu.com\/wp-content\/uploads\/2019\/04\/Fulleracs-845x684.jpg 845w\" sizes=\"auto, (max-width: 495px) 100vw, 495px\" \/><\/div><\/a><\/div><\/div>\n\n<div  class='av_gmaps_sc_main_wrap av_gmaps_main_wrap '><div id='av_gmap_0' class='avia-google-map-container avia-google-map-sc av_gmaps_show_unconditionally av-no-fallback-img ' data-mapid='av_gmap_0'  style='height: 400px;'><a class=\"av_gmaps_browser_disabled av_text_confirm_link av_text_confirm_link_visible\" href=\"https:\/\/www.google.com\/maps\/search\/?api=1&#038;query=Cal%20Arderiu%20%20Sant%20Juli\u00e0%20de%20Cerdanyola\" target=\"_blank\">Maps were disabled by the visitor on this site. Click to open the map in a new window.<\/a><\/div><\/div>\n","protected":false},"excerpt":{"rendered":"","protected":false},"author":3,"featured_media":0,"parent":0,"menu_order":0,"comment_status":"closed","ping_status":"closed","template":"","meta":{"footnotes":""},"class_list":["post-456","page","type-page","status-publish","hentry"],"yoast_head":"<!-- This site is optimized with the Yoast SEO plugin v27.5 - https:\/\/yoast.com\/product\/yoast-seo-wordpress\/ -->\n<title>Inicio - Cal Arderiu Turisme Rural<\/title>\n<meta name=\"robots\" content=\"index, follow, max-snippet:-1, max-image-preview:large, max-video-preview:-1\" \/>\n<link rel=\"canonical\" href=\"https:\/\/www.calarderiu.com\/es\/\" \/>\n<meta property=\"og:locale\" content=\"es_ES\" \/>\n<meta property=\"og:type\" content=\"article\" \/>\n<meta property=\"og:title\" content=\"Inicio - Cal Arderiu Turisme Rural\" \/>\n<meta property=\"og:url\" content=\"https:\/\/www.calarderiu.com\/es\/\" \/>\n<meta property=\"og:site_name\" content=\"Cal Arderiu Turisme Rural\" \/>\n<meta property=\"article:modified_time\" content=\"2021-07-26T09:17:06+00:00\" \/>\n<meta name=\"twitter:card\" content=\"summary_large_image\" \/>\n<meta name=\"twitter:label1\" content=\"Tiempo de lectura\" \/>\n\t<meta name=\"twitter:data1\" content=\"13 minutos\" \/>\n<script type=\"application\/ld+json\" class=\"yoast-schema-graph\">{\"@context\":\"https:\\\/\\\/schema.org\",\"@graph\":[{\"@type\":\"WebPage\",\"@id\":\"https:\\\/\\\/www.calarderiu.com\\\/es\\\/\",\"url\":\"https:\\\/\\\/www.calarderiu.com\\\/es\\\/\",\"name\":\"Inicio - Cal Arderiu Turisme Rural\",\"isPartOf\":{\"@id\":\"https:\\\/\\\/www.calarderiu.com\\\/#website\"},\"datePublished\":\"2019-05-06T09:20:44+00:00\",\"dateModified\":\"2021-07-26T09:17:06+00:00\",\"breadcrumb\":{\"@id\":\"https:\\\/\\\/www.calarderiu.com\\\/es\\\/#breadcrumb\"},\"inLanguage\":\"es\",\"potentialAction\":[{\"@type\":\"ReadAction\",\"target\":[\"https:\\\/\\\/www.calarderiu.com\\\/es\\\/\"]}]},{\"@type\":\"BreadcrumbList\",\"@id\":\"https:\\\/\\\/www.calarderiu.com\\\/es\\\/#breadcrumb\",\"itemListElement\":[{\"@type\":\"ListItem\",\"position\":1,\"name\":\"Inici\",\"item\":\"https:\\\/\\\/www.calarderiu.com\\\/es\\\/\"},{\"@type\":\"ListItem\",\"position\":2,\"name\":\"Inicio\"}]},{\"@type\":\"WebSite\",\"@id\":\"https:\\\/\\\/www.calarderiu.com\\\/#website\",\"url\":\"https:\\\/\\\/www.calarderiu.com\\\/\",\"name\":\"Cal Arderiu Turisme Rural\",\"description\":\"Casa rural a Sant Juli\u00e0 de Cerdanyola (Bergued\u00e0)\",\"potentialAction\":[{\"@type\":\"SearchAction\",\"target\":{\"@type\":\"EntryPoint\",\"urlTemplate\":\"https:\\\/\\\/www.calarderiu.com\\\/?s={search_term_string}\"},\"query-input\":{\"@type\":\"PropertyValueSpecification\",\"valueRequired\":true,\"valueName\":\"search_term_string\"}}],\"inLanguage\":\"es\"}]}<\/script>\n<!-- \/ Yoast SEO plugin. -->","yoast_head_json":{"title":"Inicio - Cal Arderiu Turisme Rural","robots":{"index":"index","follow":"follow","max-snippet":"max-snippet:-1","max-image-preview":"max-image-preview:large","max-video-preview":"max-video-preview:-1"},"canonical":"https:\/\/www.calarderiu.com\/es\/","og_locale":"es_ES","og_type":"article","og_title":"Inicio - Cal Arderiu Turisme Rural","og_url":"https:\/\/www.calarderiu.com\/es\/","og_site_name":"Cal Arderiu Turisme Rural","article_modified_time":"2021-07-26T09:17:06+00:00","twitter_card":"summary_large_image","twitter_misc":{"Tiempo de lectura":"13 minutos"},"schema":{"@context":"https:\/\/schema.org","@graph":[{"@type":"WebPage","@id":"https:\/\/www.calarderiu.com\/es\/","url":"https:\/\/www.calarderiu.com\/es\/","name":"Inicio - Cal Arderiu Turisme Rural","isPartOf":{"@id":"https:\/\/www.calarderiu.com\/#website"},"datePublished":"2019-05-06T09:20:44+00:00","dateModified":"2021-07-26T09:17:06+00:00","breadcrumb":{"@id":"https:\/\/www.calarderiu.com\/es\/#breadcrumb"},"inLanguage":"es","potentialAction":[{"@type":"ReadAction","target":["https:\/\/www.calarderiu.com\/es\/"]}]},{"@type":"BreadcrumbList","@id":"https:\/\/www.calarderiu.com\/es\/#breadcrumb","itemListElement":[{"@type":"ListItem","position":1,"name":"Inici","item":"https:\/\/www.calarderiu.com\/es\/"},{"@type":"ListItem","position":2,"name":"Inicio"}]},{"@type":"WebSite","@id":"https:\/\/www.calarderiu.com\/#website","url":"https:\/\/www.calarderiu.com\/","name":"Cal Arderiu Turisme Rural","description":"Casa rural a Sant Juli\u00e0 de Cerdanyola (Bergued\u00e0)","potentialAction":[{"@type":"SearchAction","target":{"@type":"EntryPoint","urlTemplate":"https:\/\/www.calarderiu.com\/?s={search_term_string}"},"query-input":{"@type":"PropertyValueSpecification","valueRequired":true,"valueName":"search_term_string"}}],"inLanguage":"es"}]}},"_links":{"self":[{"href":"https:\/\/www.calarderiu.com\/es\/wp-json\/wp\/v2\/pages\/456","targetHints":{"allow":["GET"]}}],"collection":[{"href":"https:\/\/www.calarderiu.com\/es\/wp-json\/wp\/v2\/pages"}],"about":[{"href":"https:\/\/www.calarderiu.com\/es\/wp-json\/wp\/v2\/types\/page"}],"author":[{"embeddable":true,"href":"https:\/\/www.calarderiu.com\/es\/wp-json\/wp\/v2\/users\/3"}],"replies":[{"embeddable":true,"href":"https:\/\/www.calarderiu.com\/es\/wp-json\/wp\/v2\/comments?post=456"}],"version-history":[{"count":8,"href":"https:\/\/www.calarderiu.com\/es\/wp-json\/wp\/v2\/pages\/456\/revisions"}],"predecessor-version":[{"id":1017,"href":"https:\/\/www.calarderiu.com\/es\/wp-json\/wp\/v2\/pages\/456\/revisions\/1017"}],"wp:attachment":[{"href":"https:\/\/www.calarderiu.com\/es\/wp-json\/wp\/v2\/media?parent=456"}],"curies":[{"name":"wp","href":"https:\/\/api.w.org\/{rel}","templated":true}]}}